{"id":572,"date":"2019-11-04T12:15:04","date_gmt":"2019-11-04T10:15:04","guid":{"rendered":"https:\/\/rotaryartnouveau.ro\/?page_id=572"},"modified":"2025-10-21T11:15:27","modified_gmt":"2025-10-21T09:15:27","slug":"membres-du-club-rotatif-art-nouveau","status":"publish","type":"page","link":"https:\/\/rotaryartnouveau.ro\/fr\/membrii-clubului-rotary-art-nouveau\/","title":{"rendered":"Membres du Rotary Club Art Nouveau"},"content":{"rendered":"<h1>Membrii Clubului Rotary Art Nouveau<\/h1>\n<div>\u00cemp\u0103rta\u0219im din experien\u021ba noastr\u0103<\/div>\n<hr>\n<h3>Pre\u015fedinte fondator al Clubului Rotary Art Nouveau \u2013 Oradea<br \/>\n2018 \u2013 2020<\/h3>\n<div>\n<p>    <img decoding=\"async\" src=\"\/wp-content\/uploads\/daniele-ionascu-01-25.jpg\" alt=\"Daniela Iona\u0219cu\"><\/p>\n<h3>Daniela <b>Iona\u015fcu<\/b>  | Membru fondator<\/h3>\n<p><a href=\"mailto:daniela.ionascu@rotaryartnouveau.ro\">daniela.ionascu@rotaryartnouveau.ro<\/a><\/p>\n<div>\n<p>De profesie inginer constructor \u0219i-a dorit mereu s\u0103 construiasc\u0103, s\u0103 redea valoarea de odinioar\u0103 a cl\u0103dirilor istorice din ora\u0219ul nostru. A reu\u0219it. Cu g\u00e2nduri bune, entuziasm, iubire \u0219i respect a ales frumosul: o familie fericit\u0103 (to\u021bi ingineri constructori), prietenii simple f\u0103r\u0103 farduri \u0219i acest nou proiect de suflet Rotary Club Oradea Art Nouveau, a c\u0103rui pre\u0219edinte este.<\/p>\n<\/div>\n<p><a href=\"https:\/\/www.facebook.com\/profile.php?id=100008190373473\"><b>facebook<\/b><\/a><\/p>\n<\/div>\n<hr>\n<h3>Pre\u015fedinte al Clubului Rotary Art Nouveau &#8211; Oradea<br \/>2025 \u2013 2026<\/h3>\n<div>\n<p>    <img decoding=\"async\" src=\"\/wp-content\/uploads\/simona.jpg\" alt=\"Daniela Iona\u0219cu Simona Schi\u0163cu\"><\/p>\n<h3>Simona <b>Schi\u0163cu<\/b> | Membru<\/h3>\n<p><a href=\"mailto:presedinte@rotaryartnouveau.ro\">presedinte@rotaryartnouveau.ro<\/a><\/p>\n<div>M-am n\u0103scut \u00een Oradea. Mi-e tot mai drag ora\u0219ul acesta care cre\u0219te an de an, \u00ee\u0219i schimb\u0103 \u00eenf\u0103\u021bi\u0219area, devenind mai frumos, mai promi\u021b\u0103tor. Iubesc oamenii, \u00eemi iubesc familia \u00een care s-au \u00eent\u00e2lnit \u0219i \u0219i-au legat via\u021ba multe \u0219i variate destine. M\u0103 fascineaz\u0103 pietrele semipre\u021bioase \u0219i culorile, m\u0103 r\u0103sf\u0103\u021b m\u0103rgelind \u0219i pict\u00e2nd. Rotary Club Art Nouveau a devenit un proiect de suflet, iar minunatul deziderat \u201dServiciu mai presus de sine\u201d \u00eemi ofer\u0103 o \u0219ans\u0103 \u00een plus \u00een des\u0103v\u00e2r\u0219irea mea ca om \u0219i m\u0103 simt onorat\u0103 s\u0103 pot contribui la bucuria, poate, chiar fericirea altora.<\/div>\n<p><a href=\"https:\/\/www.facebook.com\/denins34343\"><b>facebook<\/b><\/a><\/p>\n<\/div>\n<hr>\n<h3>Membrii Clubului Rotary Art Nouveau<br \/>\n<\/h3>\n<ul>\n<li>\n<p>        <img decoding=\"async\" src=\"\/wp-content\/uploads\/simona.jpg\" alt=\"Simona\"><\/p>\n<h3>Simona <b>Schi\u0163cu<\/b> | Membru<br \/>Pre\u015fedinte 2025 \u2013 2026<br \/>Secretar 2024-2025<\/h3>\n<p><a href=\"mailto:secretar@rotaryartnouveau.ro\">secretar@rotaryartnouveau.ro<\/a><\/p>\n<div>\n<p>M-am n\u0103scut \u00een Oradea. Mi-e tot mai drag ora\u0219ul acesta care cre\u0219te an de an, \u00ee\u0219i schimb\u0103 \u00eenf\u0103\u021bi\u0219area, devenind mai frumos, mai promi\u021b\u0103tor. Iubesc oamenii, \u00eemi iubesc familia \u00een care s-au \u00eent\u00e2lnit \u0219i \u0219i-au legat via\u021ba multe \u0219i variate destine. M\u0103 fascineaz\u0103 pietrele semipre\u021bioase \u0219i culorile, m\u0103 r\u0103sf\u0103\u021b m\u0103rgelind \u0219i pict\u00e2nd. Rotary Club Art Nouveau a devenit un proiect de suflet, iar minunatul deziderat \u201dServiciu mai presus de sine\u201d \u00eemi ofer\u0103 o \u0219ans\u0103 \u00een plus \u00een des\u0103v\u00e2r\u0219irea mea ca om \u0219i m\u0103 simt onorat\u0103 s\u0103 pot contribui la bucuria, poate, chiar fericirea altora.<\/p>\n<\/div>\n<p><a href=\"https:\/\/www.facebook.com\/denins34343\"><b>facebook<\/b><\/a><\/p>\n<\/li>\n<li>\n<p>        <img decoding=\"async\" src=\"\/wp-content\/uploads\/Claudia-Sarbu-2024-01.jpg\" alt=\"Claudia Sarbu\"><\/p>\n<h3>Claudia M\u0103rioara <b>S\u00e2rbu<\/b> | Membru<br \/>Trezorier 2025-2026; Trezorier 2024-2025<\/h3>\n<div>\n<p><em>&#8222;Am 68 de ani, \u0219i sunt economist de profesie. Sunt pensionar\u0103, dar mai activez \u00een cadrul firmei mele de contabilitate \u0219i a cabinetului de audit financiar \u0219i consultan\u021b\u0103 fiscal\u0103. Sunt casatorit\u0103 \u0219i am doi b\u0103ie\u021bi minuna\u021bi, unul inginer auto \u0219i unul medic veterinar! \u00cemi plac cifrele, dar \u00een acela\u0219i timp \u00eemi place s\u0103 citesc, s\u0103 merg la teatru, s\u0103 vizionez filme \u0219i s\u0103 c\u0103latoresc. Cel mai mult \u00eemi place \u00eens\u0103 s\u0103-mi ajut semenii. Consider c\u0103 prin intermediul clubului Rotary Oradea Art Nouveau pot s-o fac \u00eentr-un mod organizat \u0219i mai eficient. Iata de ce m\u0103 bucur c\u0103 am fost acceptat\u0103 ca \u0219i membr\u0103 a acestui club.&#8221;<\/em><\/p>\n<\/div>\n<p><a href=\"#\"><b>facebook<\/b><\/a><\/p>\n<\/li>\n<li>\n<p>        <img decoding=\"async\" src=\"\/wp-content\/uploads\/Mirela-Nita-Lupu-2024-01.jpg\" alt=\"Mirela Lupu\"><\/p>\n<h3>Mirela <b>Lupu<\/b> | Membru fondator <br \/> PR (rela\u021biile publice): 2019 &#8211; 2026<\/h3>\n<p><a href=\"mailto:mirela.lupu@rotaryartnouveau.ro\">mirela.lupu@rotaryartnouveau.ro<\/a><\/p>\n<div>\n<p>Este actri\u021b\u0103, so\u021bie \u0219i mam\u0103. Este fericit\u0103 c\u0103 poate s\u0103 viseze, bucuroas\u0103 c\u0103 poate s\u0103 ajute \u0219i m\u00e2ndr\u0103 de tot ceea ce a f\u0103cut.<\/p>\n<\/div>\n<p><a href=\"https:\/\/www.facebook.com\/mirelalup\"><b>facebook<\/b><\/a><\/p>\n<\/li>\n<li>\n<p>        <img decoding=\"async\" src=\"\/wp-content\/uploads\/cristina.jpg\" alt=\"Cristina Marin\u0103u\"><\/p>\n<h3>Cristina <b>Marin\u0103u<\/b> | Membru<br \/> Pre\u0219edinte: 2023 &#8211; 2024 <br \/>Vicepre\u0219edinte: 2022 &#8211; 2023 <\/h3>\n<p><a href=\"mailto:cristina.marinau@rotaryartnouveau.ro\">cristina.marinau@rotaryartnouveau.ro<\/a><\/p>\n<div>Avocat \u00een Oradea, n\u0103scut\u0103 \u00een Sibiu, fac parte din dou\u0103 ora\u0219e cu un bogat con\u021binut spiritual, cultural si arhitectural .<br \/>\nM\u0103 bucur c\u00e2nd pot s\u0103 \u00eei fac ferici\u021bi pe cei din jurul meu.<\/div>\n<p><a href=\"https:\/\/www.facebook.com\/cristina.marinau.9\"><b>facebook<\/b><\/a><\/p>\n<\/li>\n<li>\n<p>        <img decoding=\"async\" src=\"\/wp-content\/uploads\/puscas.jpg\" alt=\"Cristian Pu\u0219ca\u0219 Rotary Art Nouveau Oradea\"><\/p>\n<h3>Cristian <b>Puscas <\/b>| Membru fondator <br \/>Pre\u015fedinte: 2022-2023 <br \/> Vicepre\u0219edinte: 2021 \u2013 2022 <br \/> <\/h3>\n<p><a href=\"mailto:cristian.puscas@rotaryartnouveau.ro\">cristian.puscas@rotaryartnouveau.ro<\/a><\/p>\n<div>\n<p><span>N\u0103scut \u00een 1979 \u00een Oradea, c\u0103s\u0103torit \u0219i tat\u0103l unui b\u0103iat de 8 ani, absolvent \u00een 2004 al Facult\u0103\u021bii de Arhitectur\u0103 \u0219i Urbanism din Cluj Napoca. Cadru didactic la Facultatea de Arhitectur\u0103 din Oradea, \u0219i arhitect \u00een cadrul propriului birou de proiectare. Din 2009, este specialist atestat de Ministerul Culturii \u00een reabilitarea patrimoniului construit, una dintre realiz\u0103rile \u00een domeniu fiind chiar spa\u021biul \u00een care ne afl\u0103m ast\u0103zi.<\/span><\/p>\n<\/div>\n<p><a href=\"https:\/\/www.facebook.com\/cristian.puscas.1612\"><b>facebook<\/b><\/a><\/p>\n<\/li>\n<li>\n<p>        <img decoding=\"async\" src=\"\/wp-content\/uploads\/Sorina-Bradea_Poza-Profil-01.jpg\" alt=\"Cristian Pu\u0219ca\u0219 | Membru fondator\"><\/p>\n<h3>Sorina <b>Bradea <\/b>| Membru fondator<br \/>Dist. Fundraising Chair : 2024 \u2013 2025<br \/> Pre\u015fedinte: 2021 &#8211; 2022 <br \/> Vicepre\u0219edinte: 2020 \u2013 2021 <br \/> Responsabil proiecte: 2018 \u2013 2023<\/h3>\n<p><a href=\"mailto:sorina.bradea@rotaryartnouveau.ro\">sorina.bradea@rotaryartnouveau.ro<\/a><\/p>\n<div>Este absolvent\u00e3 a facult\u00e3\u021bii de Mecanic\u0103, Timi\u0219oara. Azi: bunic\u0103, mam\u0103, so\u021bie, fiic\u0103, prieten\u0103, antreprenoare, trainer, consultant, mentor \u2026 Pasiuni: c\u0103l\u0103toriile, oamenii, lectura. Cea mai recent\u0103 activitate (dup\u0103 cea de bunic\u0103!) \u2013 scriitoare de pove\u0219ti pentru copii mari..mici.<\/div>\n<p><a href=\"https:\/\/www.facebook.com\/sorina.bradea\"><b>facebook<\/b><\/a><\/p>\n<\/li>\n<li>\n<p>        <img decoding=\"async\" src=\"\/wp-content\/uploads\/membri-ran-0026.jpg\" alt=\"Angela Tebie\u0219 | Vicepre\u0219edinte - Membru fondator\"><\/p>\n<h3>Angela <b>Tebie\u0219<\/b> | Membru fondator<br \/> Asistent Guvernator Zonal: 2025 &#8211; 2026<br \/> Pre\u0219edinte: 2020 &#8211; 2021<br \/> Vicepre\u0219edinte: 2018 &#8211; 2020<\/h3>\n<p><a href=\"mailto:angela.tebies@rotaryartnouveau.ro\">angela.tebies@rotaryartnouveau.ro<\/a><\/p>\n<div>Este de profesie inginer \u0219i este director general la SC Novatex SRL Oradea. \u0218tie c\u0103 bucuria \u0219i \u00eemplinirile ei vin de la familia frumoas\u0103, prietenii minuna\u021bi, profesie \u0219i societate. Prin serviciul ei \u00een Rotary, \u00ee\u0219i propune s\u0103 se dedice unui scop comun  spre binele tuturor, s\u0103 aduc\u0103 fericire, bun\u0103stare \u0219i senin\u0103tate celor care au nevoie.<\/div>\n<p><a href=\"https:\/\/www.facebook.com\/angela.tebies\"><b>facebook<\/b><\/a><\/p>\n<\/li>\n<li>\n<p>        <img decoding=\"async\" src=\"\/wp-content\/uploads\/radu-22.jpg\" alt=\"Radu B\u00eerlea | Membru\"><\/p>\n<h3>Radu <b>B\u00eerlea<\/b> | Membru <br \/>Rela\u021bii cu banca 2024-2026;<br \/>Trezorier 2023-2024; Trezorier 2019-2021<\/h3>\n<p><a href=\"mailto:contact@myliberte.ro\">contact@myliberte.ro<\/a><\/p>\n<div>\n<p><em>&#8222;Sunt c\u0103s\u0103torit, am doua fete, deci sunt un om implinit. De profesie economist, absolvent al facult\u0103\u021bii de \u0219tiin\u021be economice Cluj Napoca, pasionat de natur\u0103, sport \u0219i tot ce e frumos.&#8221;<\/em><\/p>\n<\/div>\n<p><a href=\"https:\/\/www.facebook.com\/radu.birlea\"><b>facebook<\/b><\/a><\/p>\n<\/li>\n<li>\n<p>        <img decoding=\"async\" src=\"\/wp-content\/uploads\/daniele-ionascu-01-25.jpg\" alt=\"Daniele Ionascu\"><\/p>\n<h3>Daniela <b>Iona\u015fcu<\/b>  | Membru fondator <br \/> Dist. Endowment &#038; Major Gifts Chair: 2025 \u2013 2026<br \/> Asistent Guvernator: 2022-2025<br \/> Pre\u0219edinte fondator: 2018 &#8211; 2020<\/h3>\n<p><a href=\"mailto:daniela.ionascu@rotaryartnouveau.ro\">daniela.ionascu@rotaryartnouveau.ro<\/a><\/p>\n<div>\n<p>De profesie inginer constructor \u0219i-a dorit mereu s\u0103 construiasc\u0103, s\u0103 redea valoarea de odinioar\u0103 a cl\u0103dirilor istorice din ora\u0219ul nostru. A reu\u0219it. Cu g\u00e2nduri bune, entuziasm, iubire \u0219i respect a ales frumosul: o familie fericit\u0103 ( to\u021bi ingineri constructori), prietenii simple f\u0103r\u0103 farduri \u0219i acest nou proiect de suflet Rotary Club Oradea Art Nouveau, a c\u0103rui pre\u0219edinte este.<\/p>\n<\/div>\n<p><a href=\"https:\/\/www.facebook.com\/profile.php?id=100008190373473\"><b>facebook<\/b><\/a><\/p>\n<\/li>\n<li>\n<p>        <img decoding=\"async\" src=\"\/wp-content\/uploads\/membri-ran-0013.jpg\" alt=\"Maria Pop\"><\/p>\n<h3>Maria <b>Pop<\/b> | Membru fondator<br \/>Pre\u015fedinte ales 2024 &#8211; 2025 <br \/>Secretar 2022 &#8211; 2023<\/h3>\n<p><a href=\"mailto:maria.pop@rotaryartnouveau.ro\">maria.pop@rotaryartnouveau.ro<\/a><\/p>\n<div>\n<p>Inginer structurist de profesie, se str\u0103duie\u0219te s\u0103 educe t\u00e2n\u0103ra genera\u021bie, s\u0103 iubeasc\u0103 cl\u0103dirile, s\u0103 construiasc\u0103 trainic \u0219i frumos pentru a putea p\u0103stra zestrea arhitectural\u0103 mo\u0219tenit\u0103 pentru c\u00e2t mai mult timp. Este pasionat\u0103 de sport, g\u0103tit \u0219i muzic\u0103 pop-rock. Este c\u0103s\u0103torit\u0103 \u0219i are o fiic\u0103 minunat\u0103.<\/p>\n<\/div>\n<\/li>\n<li>\n<p>        <img decoding=\"async\" src=\"\/wp-content\/uploads\/gratiana.jpg\" alt=\"Gra\u021biana Iacobescu | Membru\"><\/p>\n<h3>Gra\u021biana <b>Iacobescu<\/b> | Membru<br \/> Trezorier 2022-2023<\/h3>\n<p><a href=\"mailto:grati.iacobescu@rotaryartnouveau.ro\">grati.iacobescu@rotaryartnouveau.ro<\/a><\/p>\n<div>Sunt jurist\u0103 de profesie, am o familie frumoas\u0103, \u00eemi place s\u0103 citesc, s\u0103 c\u0103l\u0103toresc, s\u0103 navighez. Iubesc via\u021ba pe care am primit-o \u00een dar \u0219i oamenii care m\u0103 \u00eenconjoar\u0103. Consider c\u0103 nimic nu e \u00eent\u00e2mpl\u0103tor \u00een via\u021b\u0103 \u0219i c\u0103 mereu avem c\u00e2te ceva de \u00eenv\u0103\u021bat.<\/div>\n<p><a href=\"https:\/\/www.facebook.com\"><b>facebook<\/b><\/a><\/p>\n<\/li>\n<li>\n<p>        <img decoding=\"async\" src=\"\/wp-content\/uploads\/Helen-Pater.jpg\" alt=\"Helen Pater\"><\/p>\n<h3>Helen <b>Pater<\/b> | Membru<\/h3>\n<div>Mam\u0103 a doi baie\u0163i, pasionat\u0103 de c\u0103l\u0103torii \u015fi flori. N\u0103scuta\u0103 \u00een Oradea, gojdist\u0103, studii economice \u015fi antreprenor de 25 ani. \u00cemi doresc s\u0103 las lucruri frumoase \u00een urma mea.<\/div>\n<p><a href=\"https:\/\/www.facebook.com\/helen.pater.7\"><b>facebook<\/b><\/a><\/p>\n<\/li>\n<li>\n<p>        <img decoding=\"async\" src=\"\/wp-content\/uploads\/roxana.jpg\" alt=\"Radu B\u00eerlea | Membru\"><\/p>\n<h3>Roxana <b>Beiu\u0219uanu<\/b> | Membru <br \/>Trezorier: 2021-2022<\/h3>\n<div>Absolvent\u0103 a Facult\u0103\u021bii de \u0218tiin\u021be Economoce din Oradea, \u00een prezent economist. Fire vesel\u0103, ambi\u021bioas\u0103 \u0219i muncitoare. \u00cen timpul liber \u00eemi place s\u0103 m\u0103 \u00eent\u00e2lnesc cu prietenii, s\u0103 fac drume\u021bii, s\u0103 m\u0103 uit la filme \u0219i s\u0103 citesc.<\/div>\n<p><a href=\"#\"><b>facebook<\/b><\/a><\/p>\n<\/li>\n<li>\n<p>        <img decoding=\"async\" src=\"\/wp-content\/uploads\/membri-ran-0017.jpg\" alt=\"Liana Bako | Trezorier - Membru fondator\"><\/p>\n<h3>Liana <b>Bako<\/b> | Membru fondator <\/br> Trezorier: 2018 &#8211; 2019<\/h3>\n<p><a href=\"mailto:liana.bako@rotaryartnouveau.ro\">liana.bako@rotaryartnouveau.ro<\/a><\/p>\n<div>\n<p>Este profesor la Colegiul Na\u021bional ,,Emanuil Gojdu&#8221; din Oradea, institu\u021bie pe care a avut onoarea s\u0103 o conduc\u0103. Este pasionat\u00e3 de pictur\u00e3 \u0219i de crea\u021bia de bijuterii. Are o fire vesel\u00e3, optimist\u00e3 dar \u0219i perfec\u021bionist\u00e3. Consider\u0103 c\u0103 oric\u00e2nd ne lovim de o u\u0219\u0103 \u00eenchis\u0103 va fi mereu o alta care se va deschide, c\u0103 oamenii sunt \u0219i trebuie s\u0103 fie ghida\u021bi de prietenie, iubire, generozitate, sinceritate.<\/p>\n<\/div>\n<p><a href=\"https:\/\/www.facebook.com\"><b>facebook<\/b><\/a><\/p>\n<\/li>\n<li>\n<p>        <img decoding=\"async\" src=\"\/wp-content\/uploads\/Ligia-Caojdan-2024-01.jpg\" alt=\"Ligia Caojdan\"><\/p>\n<h3>Ligia <b>Caojdan<\/b> | Membru <br \/>Secretar 2023-2024<\/h3>\n<div>\n<p>Psiholog de profesie, mam\u0103 a unei fete geniale, a avut \u0219ansa de a lucra mereu cu \u0219i pentru oameni. Cei peste 20 de ani dedica\u021bi domeniului Resurse Umane, i-au dat posibilitatea de a-\u0219i pune ampreta at\u00e2t pe dezvoltarea mediului de afaceri c\u00e2t mai ales asupra oamenilor, ghid\u00e2ndu-i \u0219i sprijinindu-i \u00een provocatorul demers al realiz\u0103rii profesionale. S-a str\u0103duit s\u0103 insufle oamenilor credin\u021ba \u00eentr-o lume mai bun\u0103 \u0219i pentru asta s-a implicat activ \u0219i a ini\u021biat nenum\u0103rate proiecte sociale. Cu c\u00e2t suntem mai mul\u021bi cu at\u00e2t mai mari sunt \u0219ansele noastre de succes. Ac\u021biunea este una colectiv\u0103, \u00eens\u0103 contribu\u021bia este individual\u0103.<\/p>\n<\/div>\n<p><a href=\"https:\/\/www.facebook.com\/ligia.cioara\"><b>facebook<\/b><\/a><\/p>\n<\/li>\n<li>\n<p>        <img decoding=\"async\" src=\"\/wp-content\/uploads\/membri-ran-0007.jpg\" alt=\"Sanda D\u0103ncescu | Membru fondator\"><\/p>\n<h3>Sanda <b>D\u0103ncescu<\/b> | Membru fondator <br \/>Secretar: 2021 &#8211; 2022<\/h3>\n<p><a href=\"mailto:sanda.dancescu@rotaryartnouveau.ro\">sanda.dancescu@rotaryartnouveau.ro<\/a><\/p>\n<div> 1982, fire vesel\u0103 \u0219i optimist\u0103 \u00eei place muzica, dansul \u0219i c\u0103l\u0103toriile. Este or\u0103deanc\u0103 cu un suflet care iube\u0219te oamenii \u0219i \u0219tie s\u0103 d\u0103ruiasc\u0103 av\u00e2nd, concepte comune Clubului Rotary Art Nouveau.<\/div>\n<p><a href=\"https:\/\/www.facebook.com\/sanda.dancescu1\"><b>facebook<\/b><\/a><\/p>\n<\/li>\n<li>\n<p>        <img decoding=\"async\" src=\"\/wp-content\/uploads\/membri-ran-0012.jpg\" alt=\"Emilia Pantea | Membru fondator\"><\/p>\n<h3>Emilia <b>Pantea<\/b> | Membru fondator <br \/>Secretar: 2020 &#8211; 2021<\/h3>\n<p><a href=\"mailto:emilia.pantea@rotaryartnouveau.ro\">emilia.pantea@rotaryartnouveau.ro<\/a><\/p>\n<div>Este  absolvent\u0103 a  Universit\u0103\u021bii Babe\u015f-Bolyai, Facultatea de Chimie, doctor \u00een Inginerie civil\u0103. Activeaz\u0103 ca \u0219ef lucr\u0103ri \u00een cadrul facult\u0103\u021bii de Protec\u021bia Mediului a Universit\u0103\u021bii din Oradea. Iube\u0219te copiii, o pasioneaz\u0103 lectura, c\u0103l\u0103toriile, muzica, dansul \u0219i se ghideaz\u0103 dup\u0103 principiul lui Dalai Lama ,,Semeni o fapt\u0103, culegi un obicei, semeni un obicei, culegi un caracter, semeni un caracter culegi un destin,,<br \/>\n\u00a0<br \/>\n\u00a0<\/div>\n<p><a href=\"https:\/\/www.facebook.com\/pantea.emilia.1\"><b>facebook<\/b><\/a><\/p>\n<\/li>\n<li>\n<p>        <img decoding=\"async\" src=\"\/wp-content\/uploads\/membri-ran-0018.jpg\" alt=\"Monica Costea | Secretar - Membru fondator\"><\/p>\n<h3>Monica <b>Costea<\/b> | Membru fondator <br \/>Secretar: 2018 &#8211; 2020<\/h3>\n<p><a href=\"mailto:monica.costea@rotaryartnouveau.ro\">monica.costea@rotaryartnouveau.ro<\/a><\/p>\n<div>Este cadru didactic la Facultatea de Protec\u021bia Mediului, este absolvent\u0103 a specializ\u0103rii  Fizica Mediului \u0219i are un doctorat \u00een Energii regenerabile. Iube\u0219te tot ceea ce este frumos. Admir\u0103 frumuse\u021bea naturii, a unei demonstra\u021bii matematice, a unei teorii fizice, dar \u0219i a unui spectacol de teatru sau a unui slam dunk al echipei de baschet.<\/div>\n<p><a href=\"https:\/\/www.facebook.com\/costea.monica.5\"><b>facebook<\/b><\/a><\/p>\n<\/li>\n<li>\n<p>        <img decoding=\"async\" src=\"\/wp-content\/uploads\/membri-ran-0008.jpg\" alt=\"Gianina Gabor | Membru fondator\"><\/p>\n<h3>Gianina <b>Gabor <\/b> | Membru fondator<\/h3>\n<p><a href=\"mailto:gianina.gabor@rotaryartnouveau.ro\">gianina.gabor@rotaryartnouveau.ro<\/a><\/p>\n<div>Este  or\u0103deanc\u0103,  gojdist\u0103, inginer calculatorist, cadru didactic al Universit\u0103\u021bii or\u0103dene, c\u0103s\u0103torit\u0103, un copil, fire vesel\u0103 \u0219i optimist\u0103. \u00cei plac drume\u021biile, ador\u0103 provoc\u0103rile \u0219i dore\u0219te s\u0103 ajute.<\/div>\n<p><a href=\"https:\/\/www.facebook.com\"><b>facebook<\/b><\/a><\/p>\n<\/li>\n<li>\n<p>        <img decoding=\"async\" src=\"\/wp-content\/uploads\/membri-ran-0010.jpg\" alt=\"Nicoleta Hava\u0219i | Membru fondator\"><\/p>\n<h3>Nicoleta <b>Hava\u0219i<\/b> | Membru fondator<\/h3>\n<p><a href=\"mailto:nicoleta.havasi@rotaryartnouveau.ro\">nicoleta.havasi@rotaryartnouveau.ro<\/a><\/p>\n<div>Este fiic\u0103, so\u021bie, mam\u0103 \u0219i medic. Este o fire pozitiv\u0103, \u00eei place s\u0103 \u00eei vad\u0103 pe ceilal\u021bi ferici\u021bi. Ador\u0103 provoc\u0103rile, \u0219i crede c\u0103 succesul  le sur\u00e2de celor temerari. \u0218tie c\u0103 o munc\u0103 sus\u021binut\u0103 este cheia c\u0103tre succes.  Se consider\u0103 norocoas\u0103 c\u0103 tr\u0103ie\u0219te \u00een Oradea, ora\u0219ul Art Nouveau.<\/div>\n<p><a href=\"https:\/\/www.facebook.com\/nicoleta.havasi\"><b>facebook<\/b><\/a><\/p>\n<\/li>\n<li>\n<p>        <img decoding=\"async\" src=\"\/wp-content\/uploads\/membri-ran-0021.jpg\" alt=\"Anca Mihai | Membru fondator\"><\/p>\n<h3>Anca <b>Mihai<\/b> | Membru fondator<\/h3>\n<p><a href=\"mailto:anca.mihai@rotaryartnouveau.ro\">anca.mihai@rotaryartnouveau.ro<\/a><\/p>\n<div>Inginer textilist de profesie, Anca a lucrat toat\u0103 via\u021ba f\u0103c\u00e2ndu-\u0219i meseria cu pasiune. Poate aceasta e una din calit\u0103\u021bile ei, face totul cu pasiune, chiar dac\u0103 e vorba de meserie, de hobby-uri ca lanscaping, de g\u0103tit sau croitorie. Fire vesel\u0103, se simte vie c\u00e2nd are parte de provoc\u0103ri. Pune mult pre\u021b pe prietenie, iube\u0219te s\u0103 vad\u0103 oameni ferici\u021bi. E m\u00e2ndr\u0103 de familia ei, e locul unde se \u00eencarc\u0103 cu energie, unde se simte iubit\u0103 \u0219i apreciat\u0103.<\/div>\n<p><a href=\"https:\/\/www.facebook.com\"><b>facebook<\/b><\/a><\/p>\n<\/li>\n<li>\n<p>        <img decoding=\"async\" src=\"\/wp-content\/uploads\/membri-ran-0023.jpg\" alt=\"Claudia Morar | Membru fondator\"><\/p>\n<h3>Claudia <b>Morar<\/b> | Membru fondator<\/h3>\n<p><a href=\"mailto:claudia.morar@rotaryartnouveau.ro\">claudia.morar@rotaryartnouveau.ro<\/a><\/p>\n<div>\u00cembin\u0103 arta suprem\u0103 a profesorului, cu gra\u021bia \u0219i r\u0103bdarea psihologului! \u00cen calitate de Director al \u0218colii \u0219i Gr\u0103dini\u021bei Americano-Rom\u00e2ne \u00ee\u0219i dedic\u0103 timpul lucrului cu copiii, preg\u0103tind zi de zi fundamentul unei educa\u021bii alese pentru ace\u0219tia!<\/div>\n<p><a href=\"https:\/\/www.facebook.com\/claudia.morar\"><b>facebook<\/b><\/a><\/p>\n<\/li>\n<li>\n<p>        <img decoding=\"async\" src=\"\/wp-content\/uploads\/membri-ran-0025.jpg\" alt=\"Antonia Nica | Membru fondator\"><\/p>\n<h3>Antonia <b>Nica<\/b> | Membru fondator<\/h3>\n<p><a href=\"mailto:antonia.nica@rotaryartnouveau.ro\">antonia.nica@rotaryartnouveau.ro<\/a><\/p>\n<div>Ca \u015fi fondator \u015fi dirijor al Corului Fiat Lux, profesor de educa\u0163ie muzical\u0103, Antonia Nica se define\u015fte pe sine ca un \u201ev\u00e2n\u0103tor de st\u0103ri privilegiate\u201d, st\u0103ri create prin unirea \u00een complexe armonii a acelor voci.<br \/>\nCa director al Liceul Greco-Catolic Iuliu Maniu coordoneaz\u0103 cu disciplin\u0103, d\u0103ruire \u0219i adaptabilitate activitatea eleviior dovedind un spirit ecumenic, \u0219i altruist.<\/div>\n<p><a href=\"https:\/\/www.facebook.com\/antonia.nica.58\"><b>facebook<\/b><\/a><\/p>\n<\/li>\n<li>\n<p>        <img decoding=\"async\" src=\"\/wp-content\/uploads\/iacobescu.jpg\" alt=\"Marcela Prada | Membru fondator\"><\/p>\n<h3>Marcela <b>Prada<\/b> | Membru fondator<\/h3>\n<p><a href=\"mailto:marcela.prada@rotaryartnouveau.ro\">marcela.prada@rotaryartnouveau.ro<\/a><\/p>\n<div>\n<p>Or\u0103deanc\u0103, gojdist\u0103, absolvent\u0103 a U.P. Timi\u015foara, inginer constructor, cadru didactic al Universit\u0103\u021bii din Oradea, c\u0103s\u0103torit\u0103, dou\u0103 fiice, un nepo\u0163el. Foarte optimist\u0103, dore\u0219te s\u0103 ajute, nu \u015ftie s\u0103 spun\u0103 \u201cNU\u201d.<\/p>\n<\/div>\n<p><a href=\"https:\/\/www.facebook.com\/marcela.prada.31\"><b>facebook<\/b><\/a><\/p>\n<\/li>\n<li>\n<p>        <img decoding=\"async\" src=\"\/wp-content\/uploads\/membri-ran-0014.jpg\" alt=\"Anca Sab\u0103u | Membru fondator\"><\/p>\n<h3>Anca <b>Sab\u0103u<\/b> | Membru fondator<\/h3>\n<p><a href=\"mailto:anca.sabau@rotaryartnouveau.ro\">anca.sabau@rotaryartnouveau.ro<\/a><\/p>\n<div>Persoan\u0103 loial\u0103 \u015fi familist\u0103 convins\u0103, are multe de d\u0103ruit celor doi b\u0103ie\u0163i ai ei, fiului Alex \u015fi so\u0163ului Dacian, \u00eembin\u00e2nd via\u0163a de familie \u00een perfect\u0103 armonie cu profesia. Cadru didactic al Universit\u0103\u0163ii din Oradea \u015fi antrenor al sec\u0163iei de gimnastic\u0103 ritmic\u0103 al C.S.U. Oradea, av\u00e2nd rezultate remarcabile at\u00e2t ca sportiv\u0103 c\u00e2t \u015fi ca antrenoare, a insuflat\u00a0\u201dvirusul\u201d frumuse\u0163ii \u015fi elegan\u0163ei care o caracterizeaz\u0103.<\/div>\n<p><a href=\"https:\/\/www.facebook.com\/sabau.anca.9\"><b>facebook<\/b><\/a><\/p>\n<\/li>\n<li>\n<p>        <img decoding=\"async\" src=\"\/wp-content\/uploads\/membri-ran-0016.jpg\" alt=\"Delia Stoica | Membru fondator\"><\/p>\n<h3>Delia <b>Stoica<\/b> | Membru fondator<\/h3>\n<p><a href=\"mailto:delia.stoica@rotaryartnouveau.ro\">delia.stoica@rotaryartnouveau.ro<\/a><\/p>\n<div>Este absolvent\u0103 a Facult\u0103\u021bii de Arhitectur\u0103 Cluj Napoca, promo\u021bia 1983. \u00cen 1990 \u0219i-a \u00eenfiin\u021bat propria afacere \u00een domeniul modei. \u00cen ultimii 10 ani a activat  \u00een domeniul social, specializ\u00e2ndu-se \u00een problemele persoanelor v\u00e2rstnice. \u00cempreun\u0103 cu fiul ei conduce un ONG \u00een Oradea.<\/div>\n<p><a href=\"https:\/\/www.facebook.com\/deliastoica\"><b>facebook<\/b><\/a><\/p>\n<\/li>\n<li>\n<p>        <img decoding=\"async\" src=\"\/wp-content\/uploads\/membri-ran-0020.jpg\" alt=\"Nadina Turc | Membru fondator\"><\/p>\n<h3>Nadina <b>Turc<\/b> | Membru fondator<\/h3>\n<p><a href=\"mailto:nadina.turc@rotaryartnouveau.ro\">nadina.turc@rotaryartnouveau.ro<\/a><\/p>\n<div>Absolvent\u0103 a Facult\u0103\u021bii de Textile din Ia\u0219i, \u00een prezent director general la o companie care produce materiale textile, si-a facut \u00eentotdeauna meseria cu mult\u0103 d\u0103ruire \u0219i pasiune. Ador\u0103 s\u0103 c\u0103l\u0103toreasc\u0103, \u00eei place s\u0103 g\u0103teasc\u0103. Iube\u0219te oamenii \u0219i ora\u0219ul \u00een care tr\u0103ie\u0219te.  Bucuria ei, este atunci c\u00e2nd reu\u0219e\u0219te s\u0103 d\u0103ruiasc\u0103 fericire celor din jur.<\/div>\n<p><a href=\"https:\/\/www.facebook.com\/nadina.bocra\"><b>facebook<\/b><\/a><\/p>\n<\/li>\n<li>\n<p>        <img decoding=\"async\" src=\"\/wp-content\/uploads\/membri-01.jpg\" alt=\"Teodora Muth | Membru fondator\"><\/p>\n<h3>Teodora <b>Muth<\/b> | Membru fondator<\/h3>\n<p><a href=\"mailto:teodora.muth@rotaryartnouveau.ro\">teodora.muth@rotaryartnouveau.ro<\/a><\/p>\n<p><a href=\"https:\/\/www.facebook.com\"><b>facebook<\/b><\/a><\/p>\n<\/li>\n<li>\n<p>        <img decoding=\"async\" src=\"\/wp-content\/uploads\/02-1.jpg\" alt=\"Ramona Novicov | Membru fondator\"><\/p>\n<h3>Ramona <b>Novicov<\/b> | Membru fondator<\/h3>\n<p><a href=\"mailto:ramona.novicov@rotaryartnouveau.ro\">ramona.novicov@rotaryartnouveau.ro<\/a><\/p>\n<div>Istoric \u015fi critic de art\u0103, conf. univ. la Facultatea de Construc\u0163ii, Cadastru \u015fi Arhitectur\u0103 a Universit\u0103\u0163ii din Oradea. Autoare a patru c\u0103r\u0163i de specialitate. Colaboratoare a postului TV Digi24. Membr\u0103 \u00een Asocia\u0163ia Interna\u0163ional\u0103 a Criticilor de Art\u0103 \u015fi \u00een Re\u0163eaua  Interna\u0163ional\u0103 Art Nouveau. \u00cei place s\u0103 schieze \u015fi s\u0103 deseneze pe nisip.<\/div>\n<p><a href=\"https:\/\/www.facebook.com\/profile.php?id=100009768494370\"><b>facebook<\/b><\/a><\/p>\n<\/li>\n<li>\n<p>        <img decoding=\"async\" src=\"\/wp-content\/uploads\/matiu.jpg\" alt=\"Matiu Simona Dorina\"><\/p>\n<h3>Matiu Simona <b>Dorina<\/b> | Membru <\/h3>\n<div>Antreprenor, de meserie manager turism.  M-am privatizat din 1990 \u015fi am activat \u00een multe buisnessuri din domeniul turismului, beauty  sau  horeca. Sunt n\u0103scut\u0103 \u00een 28.11.1961, am doua fete \u015fi sunt bunic\u0103.<\/div>\n<p><a href=\"#\"><b>facebook<\/b><\/a><\/p>\n<\/li>\n<li>\n<p>        <img decoding=\"async\" src=\"\/wp-content\/uploads\/ramona_nemes-sq-01.jpg\" alt=\"Ramona Nemes Oradea\"><\/p>\n<h3>Ramona <b>Neme\u0219<\/b> | Membru <\/h3>\n<p><a href=\"mailto:ramona.nemes@rotaryartnouveau.ro\">ramona.nemes@rotaryartnouveau.ro<\/a><\/p>\n<div>\n<p>&#8222;Nu te speria singur, nu spune: \u201cunde-i unul, nu-i putere\u201d. Oricine dore\u0219te cu sinceritate adev\u0103rul, acela e deja teribil de puternic.&#8221; &#8211; <strong>Feodor M. Dostoievski<\/strong><\/p>\n<\/div>\n<p><a href=\"https:\/\/www.facebook.com\/nem.ram.z\"><b>facebook<\/b><\/a><\/p>\n<\/li>\n<li>\n<p>        <img decoding=\"async\" src=\"\/wp-content\/uploads\/williams.jpg\" alt=\"Williams Mihai Rosian\"><\/p>\n<h3>Mihai Williams <b>Ro\u0219ian<\/b> | Membru <\/h3>\n<p><a href=\"mailto:williams@rotaryartnouveau.ro\">williams@rotaryartnouveau.ro<\/a><\/p>\n<div>Sunt pasionat de tehnologie, web design \u0219i marketing online, unde m\u0103 dedic dezvolt\u0103rii de solu\u021bii digitale creative. \u00cen timpul liber, ador s\u0103 explorez natura pe biciclet\u0103, \u00een special pe traseele montane. Sunt \u00eenc\u00e2ntat s\u0103 fac parte din comunitatea Rotary \u0219i s\u0103 contribui activ la ini\u021biativele noastre.<\/div>\n<p><a href=\"https:\/\/www.facebook.com\/williams.rosian\/\"><b>facebook<\/b><\/a><\/p>\n<\/li>\n<li>\n<p>        <img decoding=\"async\" src=\"\/wp-content\/uploads\/brigitta-kiss.jpg\" alt=\"Brigitta Kiss\"><\/p>\n<h3>Brigitta <b>Kiss<\/b> | Membru <\/h3>\n<div>Sunt inginer structurist, pasionat\u0103 \u0219i dedicat\u0103. \u00cemi place s\u0103 explorezi noi oportunit\u0103\u021bi. Sunt motivat\u0103 de provoc\u0103ri \u0219i \u00eemi place s\u0103 lucrez \u00eentr-un mediu dinamic, unde pot contribui la dezvoltarea comunit\u0103\u0163ii.<\/div>\n<p><a href=\"#\"><b>facebook<\/b><\/a><\/p>\n<\/li>\n<li>\n<p>        <img decoding=\"async\" src=\"\/wp-content\/uploads\/adriana-farkas-2024.jpg\" alt=\"Adriana Farkas\"><\/p>\n<h3>Adriana <b>Farkas<\/b> | Membru <\/h3>\n<div>Sunt economist la baz\u0103, mama a unei fete extraordinare, \u00eemi place s\u0103-mi ajut semenii, \u00eemi plac c\u0103l\u0103toriile, teatrul, \u00eemi place s\u0103 pictez \u015fi s\u0103 citesc. Vreau \u0219i \u00eemi place s\u0103  \u00eenv\u0103\u021b de la fiecare om pe care-l cunosc, c\u00e2te ceva.<\/div>\n<p><a href=\"#\"><b>facebook<\/b><\/a><\/p>\n<\/li>\n<li>\n<p>        <img decoding=\"async\" src=\"\/wp-content\/uploads\/Bala.png\" alt=\"Codru\u0163a | Membru \"><\/p>\n<h3>Codru\u0163a <b>Bala<\/b> | Membru<\/h3>\n<div>\n<p>Jurist \u0219i economist de profesie. Om de Resurse Umane. Coach. Pasionat\u0103 de oameni \u0219i de transformarea acestora \u00eentr-o versiune mai bun\u0103 a lor. Imi doresc s\u0103\u00a0\u00eemi aduc contribu\u021bia la o lume mai bun\u0103, \u00een care oamenii \u00ee\u0219i vor tr\u0103i via\u021ba cu o atitudine mental\u0103 pozitiv\u0103 \u0219i \u201cgoing the extra mile\u201d f\u0103r\u0103 s\u0103 a\u0219tepte nimic \u00een schimb.<\/p>\n<\/div>\n<p><a href=\"#\"><b>facebook<\/b><\/a><\/p>\n<\/li>\n<li>\n<p>        <img decoding=\"async\" src=\"\/wp-content\/uploads\/ryan.jpg\" alt=\"Ryan Bhageerutty | Membru\"><\/p>\n<h3>Ryan <b>Bhageerutty<\/b> | Membru<\/h3>\n<div>\n<p>Ryan Bhageerutty este de profesie medic oftalmolog, n\u0103scut \u00een Mauritius \u015fi stabilit \u00een Oradea \u00een urm\u0103 cu 16 ani, pentru a se forma profesional, absolvind Universitatea de Medicina \u015fi Farmacie Oradea. Profeseaz\u0103 \u00een cadrul policlinicii din Marghita, dar \u015fi \u00een cadrul celor dou\u0103 centre medicale din Oradea \u015fi Marghita , pe care le de\u0163ine.<br \/>Pentru a se deconecta de zilele \u00eencarcate de la locul de munc\u0103 \u015fi a se delecta pentru a avea din nou energia necesar\u0103, g\u0103te\u015fte \u015fi alege s\u0103 c\u0103l\u0103toreasc\u0103 spre \u00eenc\u00e2ntarea descoperirii de noi aventuri.<\/p>\n<\/div>\n<p><a href=\"https:\/\/www.facebook.com\/ryan.bhageerutty\"><b>facebook<\/b><\/a><\/p>\n<\/li>\n<li>\n<p>        <img decoding=\"async\" src=\"\/wp-content\/uploads\/Oana-David.png\" alt=\"Oana | Membru \"><\/p>\n<h3>Oana <b>David<\/b> | Membru<br \/>Secretar 2025-2026<\/h3>\n<div>\n<p><em>&#8222;Jurist, absolvent\u0103 a facult\u0103\u021bii de drept din Oradea. \u00cen concordan\u021b\u0103 cu profesia aleas\u0103 \u00eemi plac provoc\u0103rile, diversitatea, dorin\u021ba de a ajuta oamenii \u0219i nu \u00een ultimul r\u00e2nd s\u0103 fac tot ceea ce \u00eemi st\u0103 \u00een putin\u021b\u0103 ca adev\u0103rul s\u0103 fie scos la lumin\u0103. Pe de alt\u0103 parte \u00eemi place tot ceea ce \u021bine de spiritualitate, art\u0103, nonconformism. Iubesc copiii \u0219i cred c\u0103 dezvoltarea, evolu\u021bia \u0219i tot ceea ce \u021bine de ei ar trebui s\u0103 fie scopul suprem in via\u021ba noastr\u0103, a tuturor, fie c\u0103 fac parte din familia noastr\u0103 fie c\u0103 via\u021ba nu ni i-a d\u0103ruit personal.&#8221;<\/em><\/p>\n<\/div>\n<p><a href=\"https:\/\/www.facebook.com\/profile.php?id=100010337620137\"><b>facebook<\/b><\/a><\/p>\n<\/li>\n<li>\n<p>        <img decoding=\"async\" src=\"\/wp-content\/uploads\/anamaria.jpg\" alt=\"Szanto | Membru\"><\/p>\n<h3>Anamaria <b>Mihe\u0219<\/b> | Membru<\/h3>\n<div>Sunt absolvent\u0103 a facult\u0103\u021bii de Geografia Turismului.<br \/>\nAm o afacere proprie \u00een domeniul transportului frigorific de m\u0103rfuri \u0219i sunt la \u00eenceput de drum \u00een dezvoltare imobiliar\u0103.<br \/>\nSunt c\u0103s\u0103torit\u0103. Am un copil. O familie minunat\u0103.<br \/>\nAl\u0103turi de Rotary Art Nouveau pot  aduce un plus comunit\u0103\u021bii!\n<\/div>\n<p><a href=\"#\"><b>facebook<\/b><\/a><\/p>\n<\/li>\n<li>\n<p>        <img decoding=\"async\" src=\"\/wp-content\/uploads\/dorina.jpg\" alt=\"Dorina Oros | Membru\"><\/p>\n<h3>Dorina <b>Oros<\/b> | Membru<\/h3>\n<p><a href=\"mailto:dorina.oros@rotaryartnouveau.ro\">dorina.oros@rotaryartnouveau.ro<\/a><\/p>\n<div>\n<p>Absolvent\u0103 a facult\u0103\u021bii de stomatologie din cadrul UMF Iuliu Ha\u021beganu Cluj-Napoca, medic primar de stomatologie \u00een propriul cabinet. Abnega\u021bie \u0219i pasiune \u00een tot ce face. Iube\u0219te c\u0103r\u021bile, oamenii, animalele, c\u0103l\u0103toriile, arta \u00een toate formele ei. \u0218i-a dorit s\u0103 fac\u0103 parte din marea familie Rotary al\u0103tur\u00e2ndu-se acestui club minunat Rotary Art Nouveau din dorin\u021ba de a ajuta.<\/p>\n<\/div>\n<p><a href=\"https:\/\/www.facebook.com\/dorina.oros.98\"><b>facebook<\/b><\/a><\/p>\n<\/li>\n<li>\n<p>        <img decoding=\"async\" src=\"\/wp-content\/uploads\/popovici.jpg\" alt=\"Mihaela Popovici | Membru\"><\/p>\n<h3>Mihaela <b>Popovici<\/b> | Membru<\/h3>\n<p><a href=\"mailto:mihaela.popovici@rotaryartnouveau.ro\">mihaela.popovici@rotaryartnouveau.ro<\/a><\/p>\n<div>\n<p>Sunt cadru didactic, absolvent\u0103 a Universit\u0103\u021bii Tehnice &#8222;Gh. Asachi&#8221; din Ia\u0219i \u0219i a Facult\u0103\u021bii de Chimie din Cluj Napoca, iar dorin\u021ba de a stimula celor doi copii ai mei, de care sunt tare m\u00e2ndr\u0103, g\u00e2ndirea creativ\u0103, abilit\u0103\u021bile emo\u021bionale \u0219i sociale, m-au motivat apoi s\u0103 \u00eenfiin\u021bez un ONG educa\u021bional. Am o familie minunata, ea este sursa mea de energie, locul unde g\u0103sesc armonie \u0219i inimi pline de iubire.<\/p>\n<\/div>\n<p><a href=\"https:\/\/www.facebook.com\/mihaela.popovici.315\"><b>facebook<\/b><\/a><\/p>\n<\/li>\n<li>\n<p>        <img decoding=\"async\" src=\"\/wp-content\/uploads\/Alexandru-Precup-01.jpg\" alt=\"Alexandru Precup\"><\/p>\n<h3>Alexandru <b>Precup<\/b> | Membru<\/h3>\n<div>\n<p>Numele meu este Precup Alexandru Iosif. Sunt dublu licentiat, absolvent al Facultatii de Medicina Dentara si al Facultatii de Medicina Generala in cadrul Universitatii de Medicina si Farmacie \u201cIuliu Hatieganu\u201d Cluj-Napoca.<br \/>Sunt medic specialist Chirurgie Orala si Maxilo-Faciala din 2016 si imi desfasor activitatea profesionala la Spitalul Clinic Judetean de Urgenta Bihor, iar in privat la clinica proprie, unde domeniile de interes sunt chirurgia orala, implantologia dentara, parodontologia si protetica supra implantara. <br \/>Am si activitate didactica, in cadrul Departamentului de Medicina Dentara al Facultatii de Medicina si Farmacie, Universitatea Oradea.<\/p>\n<\/div>\n<p><a href=\"#\"><b>facebook<\/b><\/a><\/p>\n<\/li>\n<li>\n<p>        <img decoding=\"async\" src=\"\/wp-content\/uploads\/Camelia.jpg\" alt=\"Szanto | Membru\"><\/p>\n<h3>Camelia <b>Szanto Torj<\/b> | Membru<\/h3>\n<div>Eu sunt CAMELIA , fiic\u0103, sotie, mam\u0103, prieten\u0103 ,o fiin\u021b\u0103 complex\u0103, unic\u0103, cu un trecut, prezent si viitor, cu vise \u0219i speran\u021be, cu pove\u0219ti de spus, cu aventuri tr\u0103ite, uneori colorat\u0103, alteori interesant\u0103 dar mai presus de orice sunt un OM&#8230;<br \/>\n Sunt sincer\u0103, lipsit\u0103 de ipocrizie, plin\u0103 de pasiune,fragil\u0103 \u0219i vulnerabil\u0103, imprevizilbil\u0103 de multe ori.<br \/>\n Sunt un OM care i\u0219i face timp \u00eentotdeauna pentru o vorb\u0103 bun\u0103, o m\u00e2ng\u00e2iere, un z\u00e2mbet, o bucurie, o \u00eembr\u0103\u021bi\u0219are, un OM cu un destin, doar at\u00e2t.\n<\/div>\n<p><a href=\"#\"><b>facebook<\/b><\/a><\/p>\n<\/li>\n<li>\n<p>        <img decoding=\"async\" src=\"\/wp-content\/uploads\/Codruta-Vancea.jpg\" alt=\"Codru\u0163a | Membru asociat\"><\/p>\n<h3>Codru\u0163a <b>Vancea<\/b> | Membru<\/h3>\n<div>\n<p>Absolvent\u0103 a Facult\u0103\u021bii de Matematica \u0219i Informatic\u0103, UBB, Cluj Napoca, cu o activitate de 25 de ani \u00een \u00eenv\u0103\u021b\u0103m\u00e2ntul superior or\u0103dean, conferen\u021biar doctor, apoi asociat la firm\u0103 de IT \u0219i pasionat\u0103 de scris, c\u0103s\u0103torit\u0103, o fiic\u0103. Autoare a trei c\u0103r\u021bi de poezie. M\u0103 consider astfel un om \u00eemplinit. Iubesc oamenii, natura, tot ceea ce reprezint\u0103 frumuse\u021be \u0219i m\u0103 bucur c\u00e2nd pot face ceva ca oamenii s\u0103 fie ferici\u021bi.<\/p>\n<\/div>\n<p><a href=\"#\"><b>facebook<\/b><\/a><\/p>\n<\/li>\n<li>\n<p>        <img decoding=\"async\" src=\"\/wp-content\/uploads\/carmen-deac.jpg\" alt=\"Carmen Deac\"><\/p>\n<h3>Carmen <b>Deac<\/b> | Membru<\/h3>\n<div>\n<p>Absolvent\u0103 a Facult\u0103\u021bii de Matematica \u0219i InfDubl\u0103 licen\u021biat\u0103 a Universit\u0103\u021bii din Oradea, Specializarea Rela\u021bii Interna\u021bionale \u0219i Studii Europene dar \u0219i \u0218tiin\u021be Economice, am activat \u00een domeniul de stat c\u00e2t \u0219i privat.<br \/>\nSo\u021bie \u0219i mam\u0103 devotat\u0103 a 4 copii, creativ\u0103 \u0219i implicat\u0103 \u00een proiectele sociale diverse, bucuroas\u0103 s\u0103 fiu al\u0103turi de marea familie Rotary.<br \/>\n.<\/p>\n<\/div>\n<p><a href=\"#\"><b>facebook<\/b><\/a><\/p>\n<\/li>\n<li>\n<p>        <img decoding=\"async\" src=\"\/wp-content\/uploads\/ioana-mut.jpg\" alt=\"Iona Rotary Art Nouveau Oradea\"><\/p>\n<h3>Ioana<b> Mu\u0163<\/b> | Membru<\/h3>\n<div>\n<p>Este de profesie economist, absolvent al facult\u0103\u0163ii Babes Bolay Cluj Napoca, master la Universitatea din Oradea, conduc\u0103tor al unei firme de comer\u0163 cu corpuri de iluminat. Entuziasmul \u015fi bucuria o ia din familie al\u0103turi de fiica, fiul \u015fi so\u0163ul ei. \u00cen via\u0163a de zi cu zi i\u015fi dore\u015fte prieteni sinceri si one\u015fti. Proiectele sociale ar \u00eentregi dragostea de frumos \u015fi lumin\u0103.<\/p>\n<\/div>\n<p><a href=\"https:\/\/www.facebook.com\/mut.ioana.5\"><b>facebook<\/b><\/a><\/p>\n<\/li>\n<li>\n<p>        <img decoding=\"async\" src=\"\/wp-content\/uploads\/Cornelia.jpg\" alt=\"Cornelia | Membru asociat\"><\/p>\n<h3>Cornelia <b>Spoial\u0103<\/b> | Membru <\/h3>\n<div>\nSunt medic primar pediatru la Spitalul Municipal &#8222;Curteanu&#8221;.<br \/>\n\u00cemi iubesc meseria, familia, dar \u0219i muzica, florile, prietenii,c\u0103l\u0103toriile,c\u0103r\u021bile.<br \/>\nAdmir implicarea clubului RAN \u00een rezolvarea problemelor comunit\u0103\u021bii or\u0103dene, bihorene. Roata (simbolul rotarian) se \u00eenv\u00e2rte &#8222;de la or\u0103deni pentru or\u0103deni&#8221;.<\/p>\n<\/div>\n<p><a href=\"#\"><b>facebook<\/b><\/a><\/p>\n<\/li>\n<\/ul>\n<hr>\n<p><!--more--><br \/>\n<!-- {\"name\":\"About\",\"type\":\"layout\",\"children\":[{\"name\":\"About us\",\"type\":\"section\",\"props\":{\"animation\":\"fade\",\"image_position\":\"center-center\",\"image_size\":\"cover\",\"overlap\":false,\"padding\":\"none\",\"padding_remove_bottom\":false,\"padding_remove_top\":false,\"style\":\"default\",\"title_breakpoint\":\"xl\",\"title_position\":\"top-left\",\"title_rotation\":\"left\",\"vertical_align\":\"\",\"width\":\"large\"},\"children\":[{\"type\":\"row\",\"props\":{\"width\":\"xlarge\"},\"children\":[{\"type\":\"column\",\"props\":{\"image_position\":\"center-center\",\"position_sticky_breakpoint\":\"m\",\"width_medium\":\"1-1\"},\"children\":[{\"type\":\"headline\",\"props\":{\"animation\":\"slide-top\",\"content\":\"Membrii Clubului Rotary Art Nouveau\",\"text_align\":\"center\",\"title_element\":\"h1\",\"title_style\":\"heading-small\"}},{\"type\":\"text\",\"props\":{\"animation\":\"slide-bottom\",\"column_breakpoint\":\"m\",\"content\":\"\\u00cemp\\u0103rta\\u0219im din experien\\u021ba noastr\\u0103\",\"margin\":\"default\",\"text_align\":\"center\",\"text_style\":\"lead\"}}]}]},{\"type\":\"row\",\"children\":[{\"type\":\"column\",\"props\":{\"image_position\":\"center-center\",\"position_sticky_breakpoint\":\"m\",\"width_medium\":\"1-1\"},\"children\":[{\"type\":\"divider\",\"props\":{\"block_align\":\"center\",\"divider_element\":\"hr\",\"divider_style\":\"icon\",\"maxwidth\":\"xlarge\"}}]}]}]},{\"type\":\"section\",\"props\":{\"image_position\":\"center-center\",\"style\":\"default\",\"title_breakpoint\":\"xl\",\"title_position\":\"top-left\",\"title_rotation\":\"left\",\"vertical_align\":\"\",\"width\":\"large\"},\"children\":[{\"type\":\"row\",\"props\":{\"layout\":\"1-3,2-3\"},\"children\":[{\"type\":\"column\",\"props\":{\"image_position\":\"center-center\",\"position_sticky_breakpoint\":\"m\",\"width_medium\":\"1-3\"},\"children\":[{\"type\":\"headline\",\"props\":{\"content\":\"Pre\\u015fedinte fondator al Clubului Rotary Art Nouveau \\u2013 Oradea<br \/>\\n2018 \\u2013 2020\",\"text_align\":\"left\",\"text_align_breakpoint\":\"s\",\"text_align_fallback\":\"center\",\"title_element\":\"h3\"},\"name\":\"Pre\\u015fedinte fondator\"}]},{\"type\":\"column\",\"props\":{\"image_position\":\"center-center\",\"position_sticky_breakpoint\":\"m\",\"width_medium\":\"2-3\"},\"children\":[{\"type\":\"grid\",\"props\":{\"content_column_breakpoint\":\"m\",\"filter_align\":\"left\",\"filter_all\":true,\"filter_grid_breakpoint\":\"m\",\"filter_grid_width\":\"auto\",\"filter_position\":\"top\",\"filter_style\":\"tab\",\"grid_default\":\"1\",\"grid_medium\":\"\",\"icon_width\":80,\"image_align\":\"left\",\"image_border\":\"circle\",\"image_grid_breakpoint\":\"l\",\"image_grid_width\":\"1-4\",\"image_svg_color\":\"emphasis\",\"image_width\":\"140\",\"item_animation\":true,\"lightbox_bg_close\":true,\"link_margin\":\"small\",\"link_style\":\"\",\"link_target\":true,\"link_text\":\"<b>facebook<\\\/b>\",\"margin\":\"default\",\"meta_align\":\"below-title\",\"meta_element\":\"div\",\"meta_margin\":\"remove\",\"meta_style\":\"text-meta\",\"parallax_easing\":\"1\",\"show_content\":true,\"show_hover_image\":true,\"show_hover_video\":true,\"show_image\":true,\"show_link\":true,\"show_meta\":true,\"show_title\":true,\"show_video\":true,\"text_align\":\"justify\",\"text_align_breakpoint\":\"s\",\"text_align_fallback\":\"center\",\"title_align\":\"top\",\"title_element\":\"h3\",\"title_grid_breakpoint\":\"m\",\"title_grid_width\":\"1-2\",\"title_hover_style\":\"reset\",\"title_style\":\"h5\"},\"children\":[{\"type\":\"grid_item\",\"props\":{\"content\":\"\n\n<p>De profesie inginer constructor \\u0219i-a dorit mereu s\\u0103 construiasc\\u0103, s\\u0103 redea valoarea de odinioar\\u0103 a cl\\u0103dirilor istorice din ora\\u0219ul nostru. A reu\\u0219it. Cu g\\u00e2nduri bune, entuziasm, iubire \\u0219i respect a ales frumosul: o familie fericit\\u0103 (to\\u021bi ingineri constructori), prietenii simple f\\u0103r\\u0103 farduri \\u0219i acest nou proiect de suflet Rotary Club Oradea Art Nouveau, a c\\u0103rui pre\\u0219edinte este.<\\\/p>\\n\",\"image\":\"wp-content\\\/uploads\\\/daniele-ionascu-01-25.jpg\",\"image_alt\":\"Daniela Iona\\u0219cu\",\"link\":\"https:\\\/\\\/www.facebook.com\\\/profile.php?id=100008190373473\",\"link_text\":\"<b>facebook<\\\/b>\",\"meta\":\"<a href=\\\"mailto:daniela.ionascu@rotaryartnouveau.ro\\\">daniela.ionascu@rotaryartnouveau.ro<\\\/a>\",\"title\":\"Daniela <b>Iona\\u015fcu<\\\/b>  | Membru fondator\"}}]}]}]},{\"type\":\"row\",\"props\":{\"margin\":\"default\"},\"children\":[{\"type\":\"column\",\"props\":{\"image_position\":\"center-center\",\"position_sticky_breakpoint\":\"m\",\"width_medium\":\"1-1\"},\"children\":[{\"type\":\"divider\",\"props\":{\"divider_element\":\"hr\",\"margin\":\"remove-vertical\"}}]}]},{\"type\":\"row\",\"props\":{\"layout\":\"1-3,2-3\"},\"children\":[{\"type\":\"column\",\"props\":{\"image_position\":\"center-center\",\"position_sticky_breakpoint\":\"m\",\"width_medium\":\"1-3\"},\"children\":[{\"type\":\"headline\",\"props\":{\"content\":\"Pre\\u015fedinte al Clubului Rotary Art Nouveau - Oradea<br \\\/>2025 \\u2013 2026\",\"text_align\":\"left\",\"text_align_breakpoint\":\"s\",\"text_align_fallback\":\"center\",\"title_element\":\"h3\"},\"name\":\"Pre\\u015fedinte fondator\"}]},{\"type\":\"column\",\"props\":{\"image_position\":\"center-center\",\"position_sticky_breakpoint\":\"m\",\"width_medium\":\"2-3\"},\"children\":[{\"type\":\"grid\",\"props\":{\"content_column_breakpoint\":\"m\",\"filter_align\":\"left\",\"filter_all\":true,\"filter_grid_breakpoint\":\"m\",\"filter_grid_width\":\"auto\",\"filter_position\":\"top\",\"filter_style\":\"tab\",\"grid_default\":\"1\",\"grid_medium\":\"\",\"icon_width\":80,\"image_align\":\"left\",\"image_border\":\"circle\",\"image_grid_breakpoint\":\"l\",\"image_grid_width\":\"1-4\",\"image_svg_color\":\"emphasis\",\"image_width\":\"140\",\"item_animation\":true,\"lightbox_bg_close\":true,\"link_margin\":\"small\",\"link_style\":\"\",\"link_target\":true,\"link_text\":\"<b>facebook<\\\/b>\",\"margin\":\"default\",\"meta_align\":\"below-title\",\"meta_element\":\"div\",\"meta_margin\":\"remove\",\"meta_style\":\"text-meta\",\"parallax_easing\":\"1\",\"show_content\":true,\"show_hover_image\":true,\"show_hover_video\":true,\"show_image\":true,\"show_link\":true,\"show_meta\":true,\"show_title\":true,\"show_video\":true,\"text_align\":\"justify\",\"text_align_breakpoint\":\"s\",\"text_align_fallback\":\"center\",\"title_align\":\"top\",\"title_element\":\"h3\",\"title_grid_breakpoint\":\"m\",\"title_grid_width\":\"1-2\",\"title_hover_style\":\"reset\",\"title_style\":\"h5\"},\"children\":[{\"type\":\"grid_item\",\"props\":{\"content\":\"M-am n\\u0103scut \\u00een Oradea. Mi-e tot mai drag ora\\u0219ul acesta care cre\\u0219te an de an, \\u00ee\\u0219i schimb\\u0103 \\u00eenf\\u0103\\u021bi\\u0219area, devenind mai frumos, mai promi\\u021b\\u0103tor. Iubesc oamenii, \\u00eemi iubesc familia \\u00een care s-au \\u00eent\\u00e2lnit \\u0219i \\u0219i-au legat via\\u021ba multe \\u0219i variate destine. M\\u0103 fascineaz\\u0103 pietrele semipre\\u021bioase \\u0219i culorile, m\\u0103 r\\u0103sf\\u0103\\u021b m\\u0103rgelind \\u0219i pict\\u00e2nd. Rotary Club Art Nouveau a devenit un proiect de suflet, iar minunatul deziderat \\u201dServiciu mai presus de sine\\u201d \\u00eemi ofer\\u0103 o \\u0219ans\\u0103 \\u00een plus \\u00een des\\u0103v\\u00e2r\\u0219irea mea ca om \\u0219i m\\u0103 simt onorat\\u0103 s\\u0103 pot contribui la bucuria, poate, chiar fericirea altora.\",\"image\":\"wp-content\\\/uploads\\\/simona.jpg\",\"image_alt\":\"Daniela Iona\\u0219cu Simona Schi\\u0163cu\",\"link\":\"https:\\\/\\\/www.facebook.com\\\/denins34343\",\"link_text\":\"<b>facebook<\\\/b>\",\"meta\":\"<a href=\\\"mailto:presedinte@rotaryartnouveau.ro\\\">presedinte@rotaryartnouveau.ro<\\\/a>\",\"title\":\"Simona <b>Schi\\u0163cu<\\\/b> | Membru\"}}]}]}]},{\"type\":\"row\",\"props\":{\"status\":\"disabled\"},\"children\":[{\"type\":\"column\",\"props\":{\"image_position\":\"center-center\",\"position_sticky_breakpoint\":\"m\"},\"children\":[{\"type\":\"grid\",\"props\":{\"content_column_breakpoint\":\"m\",\"filter_align\":\"left\",\"filter_all\":true,\"filter_grid_breakpoint\":\"m\",\"filter_grid_width\":\"auto\",\"filter_position\":\"top\",\"filter_style\":\"tab\",\"grid_column_gap\":\"small\",\"grid_default\":\"1\",\"grid_medium\":\"\",\"grid_row_gap\":\"small\",\"grid_small\":\"2\",\"icon_width\":80,\"image_align\":\"left\",\"image_border\":\"circle\",\"image_grid_breakpoint\":\"l\",\"image_grid_width\":\"1-4\",\"image_svg_color\":\"emphasis\",\"image_width\":90,\"item_animation\":true,\"lightbox_bg_close\":true,\"link_margin\":\"remove\",\"link_style\":\"\",\"link_target\":true,\"link_text\":\"\",\"margin\":\"default\",\"meta_align\":\"below-title\",\"meta_element\":\"div\",\"meta_margin\":\"remove\",\"meta_style\":\"text-meta\",\"panel_padding\":\"small\",\"panel_style\":\"card-primary\",\"parallax_easing\":\"1\",\"show_content\":false,\"show_hover_image\":true,\"show_hover_video\":true,\"show_image\":true,\"show_link\":true,\"show_meta\":true,\"show_title\":true,\"show_video\":true,\"text_align\":\"justify\",\"text_align_breakpoint\":\"s\",\"text_align_fallback\":\"center\",\"title_align\":\"top\",\"title_element\":\"h3\",\"title_grid_breakpoint\":\"m\",\"title_grid_width\":\"1-2\",\"title_hover_style\":\"reset\",\"title_style\":\"h5\"},\"children\":[{\"type\":\"grid_item\",\"props\":{\"content\":\"\",\"image\":\"wp-content\\\/uploads\\\/simona.jpg\",\"image_alt\":\"Simona Schitcu\",\"link\":\"https:\\\/\\\/www.facebook.com\\\/denins34343\",\"link_text\":\"facebook\",\"meta\":\"<a href=\\\"mailto:presedinte@rotaryartnouveau.ro\\\">presedinte@rotaryartnouveau.ro<\\\/a>\",\"title\":\"Simona <b>Schi\\u0163cu<\\\/b> | Pre\\u015fedinte ales 2025 - 2026 <br \/>Secretar 2024 - 2025\"}},{\"type\":\"grid_item\",\"props\":{\"content\":\"\n\n<p>Inginer structurist de profesie, se str\\u0103duie\\u0219te s\\u0103 educe t\\u00e2n\\u0103ra genera\\u021bie, s\\u0103 iubeasc\\u0103 cl\\u0103dirile, s\\u0103 construiasc\\u0103 trainic \\u0219i frumos pentru a putea p\\u0103stra zestrea arhitectural\\u0103 mo\\u0219tenit\\u0103 pentru c\\u00e2t mai mult timp. Este pasionat\\u0103 de sport, g\\u0103tit \\u0219i muzic\\u0103 pop-rock. Este c\\u0103s\\u0103torit\\u0103 \\u0219i are o fiic\\u0103 minunat\\u0103.<\\\/p>\",\"image\":\"wp-content\\\/uploads\\\/membri-ran-0013.jpg\",\"meta\":\"<a href=\\\"mailto:maria.pop@rotaryartnouveau.ro\\\">maria.pop@rotaryartnouveau.ro<\\\/a>\",\"title\":\"Maria <b>Pop<\\\/b> | Membru fondator<br \/>Pre\\u015fedinte ales 2024 - 2025 <br \/>Secretar 2022 - 2023 \"}},{\"type\":\"grid_item\",\"props\":{\"content\":\"\n\n<p>Inginer structurist de profesie, se str\\u0103duie\\u0219te s\\u0103 educe t\\u00e2n\\u0103ra genera\\u021bie, s\\u0103 iubeasc\\u0103 cl\\u0103dirile, s\\u0103 construiasc\\u0103 trainic \\u0219i frumos pentru a putea p\\u0103stra zestrea arhitectural\\u0103 mo\\u0219tenit\\u0103 pentru c\\u00e2t mai mult timp. Este pasionat\\u0103 de sport, g\\u0103tit \\u0219i muzic\\u0103 pop-rock. Este c\\u0103s\\u0103torit\\u0103 \\u0219i are o fiic\\u0103 minunat\\u0103.<\\\/p>\",\"image\":\"wp-content\\\/uploads\\\/membri-ran-0013.jpg\",\"meta\":\"<a href=\\\"mailto:maria.pop@rotaryartnouveau.ro\\\">maria.pop@rotaryartnouveau.ro<\\\/a>\",\"title\":\"Maria <b>Pop<\\\/b> | Membru fondator<br \/>Pre\\u015fedinte ales 2024 - 2025 <br \/>Secretar 2022 - 2023 \"}},{\"type\":\"grid_item\",\"props\":{\"content\":\"\n\n<p>Inginer structurist de profesie, se str\\u0103duie\\u0219te s\\u0103 educe t\\u00e2n\\u0103ra genera\\u021bie, s\\u0103 iubeasc\\u0103 cl\\u0103dirile, s\\u0103 construiasc\\u0103 trainic \\u0219i frumos pentru a putea p\\u0103stra zestrea arhitectural\\u0103 mo\\u0219tenit\\u0103 pentru c\\u00e2t mai mult timp. Este pasionat\\u0103 de sport, g\\u0103tit \\u0219i muzic\\u0103 pop-rock. Este c\\u0103s\\u0103torit\\u0103 \\u0219i are o fiic\\u0103 minunat\\u0103.<\\\/p>\",\"image\":\"wp-content\\\/uploads\\\/membri-ran-0013.jpg\",\"meta\":\"<a href=\\\"mailto:maria.pop@rotaryartnouveau.ro\\\">maria.pop@rotaryartnouveau.ro<\\\/a>\",\"title\":\"Maria <b>Pop<\\\/b> | Membru fondator<br \/>Pre\\u015fedinte ales 2024 - 2025 <br \/>Secretar 2022 - 2023 \"}}]}]}]},{\"type\":\"row\",\"props\":{\"margin\":\"default\"},\"children\":[{\"type\":\"column\",\"props\":{\"image_position\":\"center-center\",\"position_sticky_breakpoint\":\"m\",\"width_medium\":\"1-1\"},\"children\":[{\"type\":\"divider\",\"props\":{\"block_align\":\"center\",\"divider_element\":\"hr\",\"divider_style\":\"icon\",\"margin\":\"remove-vertical\",\"maxwidth\":\"xlarge\"}}]}]},{\"type\":\"row\",\"props\":{\"column_gap\":\"large\",\"row_gap\":\"large\"},\"children\":[{\"type\":\"column\",\"props\":{\"image_position\":\"center-center\",\"position_sticky_breakpoint\":\"m\",\"width_medium\":\"1-1\"},\"children\":[{\"type\":\"headline\",\"props\":{\"content\":\"Membrii Clubului Rotary Art Nouveau\\n\",\"text_align\":\"left\",\"text_align_breakpoint\":\"s\",\"text_align_fallback\":\"center\",\"title_element\":\"h3\"}},{\"type\":\"grid\",\"props\":{\"animation\":\"fade\",\"content_column_breakpoint\":\"m\",\"content_dropcap\":false,\"content_margin\":\"small\",\"content_style\":\"text-small\",\"filter\":true,\"filter_align\":\"left\",\"filter_all\":true,\"filter_all_label\":\"To\\u021bi membri\",\"filter_animation\":\"fade\",\"filter_grid_breakpoint\":\"xl\",\"filter_grid_width\":\"auto\",\"filter_order\":\"manual\",\"filter_order_manual\":\"Echipa 2025-2026, Echipa Districtual\\u0103 2025-2026, Membri activi, Membri onorifici, Membri inactivi\",\"filter_position\":\"left\",\"filter_reverse\":false,\"filter_style\":\"tab\",\"grid_column_align\":false,\"grid_column_gap\":\"small\",\"grid_default\":\"1\",\"grid_divider\":false,\"grid_medium\":\"2\",\"grid_row_gap\":\"small\",\"grid_small\":\"2\",\"icon_width\":60,\"image_align\":\"left\",\"image_border\":\"circle\",\"image_grid_breakpoint\":\"l\",\"image_grid_column_gap\":\"small\",\"image_grid_width\":\"auto\",\"image_svg_color\":\"emphasis\",\"image_width\":\"90\",\"item_animation\":true,\"lightbox_bg_close\":true,\"link_margin\":\"remove\",\"link_size\":\"small\",\"link_style\":\"\",\"link_target\":true,\"link_text\":\"<b>facebook<\\\/b>\",\"margin\":\"default\",\"meta_align\":\"below-title\",\"meta_element\":\"div\",\"meta_margin\":\"remove\",\"meta_style\":\"text-meta\",\"panel_padding\":\"small\",\"panel_style\":\"card-default\",\"parallax_easing\":\"1\",\"show_content\":true,\"show_hover_image\":true,\"show_hover_video\":true,\"show_image\":true,\"show_link\":true,\"show_meta\":true,\"show_title\":true,\"show_video\":true,\"text_align_breakpoint\":\"s\",\"text_align_fallback\":\"center\",\"title_align\":\"top\",\"title_element\":\"h3\",\"title_grid_breakpoint\":\"m\",\"title_grid_width\":\"1-2\",\"title_hover_style\":\"reset\",\"title_style\":\"h5\"},\"children\":[{\"type\":\"grid_item\",\"props\":{\"content\":\"\n\n<p>M-am n\\u0103scut \\u00een Oradea. Mi-e tot mai drag ora\\u0219ul acesta care cre\\u0219te an de an, \\u00ee\\u0219i schimb\\u0103 \\u00eenf\\u0103\\u021bi\\u0219area, devenind mai frumos, mai promi\\u021b\\u0103tor. Iubesc oamenii, \\u00eemi iubesc familia \\u00een care s-au \\u00eent\\u00e2lnit \\u0219i \\u0219i-au legat via\\u021ba multe \\u0219i variate destine. M\\u0103 fascineaz\\u0103 pietrele semipre\\u021bioase \\u0219i culorile, m\\u0103 r\\u0103sf\\u0103\\u021b m\\u0103rgelind \\u0219i pict\\u00e2nd. Rotary Club Art Nouveau a devenit un proiect de suflet, iar minunatul deziderat \\u201dServiciu mai presus de sine\\u201d \\u00eemi ofer\\u0103 o \\u0219ans\\u0103 \\u00een plus \\u00een des\\u0103v\\u00e2r\\u0219irea mea ca om \\u0219i m\\u0103 simt onorat\\u0103 s\\u0103 pot contribui la bucuria, poate, chiar fericirea altora.<\\\/p>\",\"image\":\"wp-content\\\/uploads\\\/simona.jpg\",\"image_alt\":\"Simona\",\"link\":\"https:\\\/\\\/www.facebook.com\\\/denins34343\",\"meta\":\"<a href=\\\"mailto:secretar@rotaryartnouveau.ro\\\">secretar@rotaryartnouveau.ro<\\\/a>\",\"tags\":\"Membri activi,Echipa 2025-2026\",\"title\":\"Simona <b>Schi\\u0163cu<\\\/b> | Membru<br \/>Pre\\u015fedinte 2025 \\u2013 2026<br \/>Secretar 2024-2025\"}},{\"type\":\"grid_item\",\"props\":{\"content\":\"\n\n<p><em>\\\"Am 68 de ani, \\u0219i sunt economist de profesie. Sunt pensionar\\u0103, dar mai activez \\u00een cadrul firmei mele de contabilitate \\u0219i a cabinetului de audit financiar \\u0219i consultan\\u021b\\u0103 fiscal\\u0103. Sunt casatorit\\u0103 \\u0219i am doi b\\u0103ie\\u021bi minuna\\u021bi, unul inginer auto \\u0219i unul medic veterinar! \\u00cemi plac cifrele, dar \\u00een acela\\u0219i timp \\u00eemi place s\\u0103 citesc, s\\u0103 merg la teatru, s\\u0103 vizionez filme \\u0219i s\\u0103 c\\u0103latoresc. Cel mai mult \\u00eemi place \\u00eens\\u0103 s\\u0103-mi ajut semenii. Consider c\\u0103 prin intermediul clubului Rotary Oradea Art Nouveau pot s-o fac \\u00eentr-un mod organizat \\u0219i mai eficient. Iata de ce m\\u0103 bucur c\\u0103 am fost acceptat\\u0103 ca \\u0219i membr\\u0103 a acestui club.\\\"<\\\/em><\\\/p>\",\"image\":\"wp-content\\\/uploads\\\/Claudia-Sarbu-2024-01.jpg\",\"image_alt\":\"Claudia Sarbu\",\"link\":\"#\",\"meta\":\"\",\"tags\":\"Membri activi,Echipa 2025-2026\",\"title\":\"Claudia M\\u0103rioara <b>S\\u00e2rbu<\\\/b> | Membru<br \/>Trezorier 2025-2026; Trezorier 2024-2025\"}},{\"type\":\"grid_item\",\"props\":{\"content\":\"\n\n<p>Este actri\\u021b\\u0103, so\\u021bie \\u0219i mam\\u0103. Este fericit\\u0103 c\\u0103 poate s\\u0103 viseze, bucuroas\\u0103 c\\u0103 poate s\\u0103 ajute \\u0219i m\\u00e2ndr\\u0103 de tot ceea ce a f\\u0103cut.<\\\/p>\",\"image\":\"wp-content\\\/uploads\\\/Mirela-Nita-Lupu-2024-01.jpg\",\"image_alt\":\"Mirela Lupu\",\"link\":\"https:\\\/\\\/www.facebook.com\\\/mirelalup\",\"meta\":\"<a href=\\\"mailto:mirela.lupu@rotaryartnouveau.ro\\\">mirela.lupu@rotaryartnouveau.ro<\\\/a>\",\"tags\":\"Membri activi,Echipa 2025-2026\",\"title\":\"Mirela <b>Lupu<\\\/b> | Membru fondator <br \/> PR (rela\\u021biile publice): 2019 - 2026\"}},{\"type\":\"grid_item\",\"props\":{\"content\":\"Avocat \\u00een Oradea, n\\u0103scut\\u0103 \\u00een Sibiu, fac parte din dou\\u0103 ora\\u0219e cu un bogat con\\u021binut spiritual, cultural si arhitectural .\\nM\\u0103 bucur c\\u00e2nd pot s\\u0103 \\u00eei fac ferici\\u021bi pe cei din jurul meu.\",\"image\":\"wp-content\\\/uploads\\\/cristina.jpg\",\"image_alt\":\"Cristina Marin\\u0103u\",\"link\":\"https:\\\/\\\/www.facebook.com\\\/cristina.marinau.9\",\"meta\":\"<a href=\\\"mailto:cristina.marinau@rotaryartnouveau.ro\\\">cristina.marinau@rotaryartnouveau.ro<\\\/a>\",\"tags\":\"Membri activi\",\"title\":\"Cristina <b>Marin\\u0103u<\\\/b> | Membru<br \/> Pre\\u0219edinte: 2023 - 2024 <br \/>Vicepre\\u0219edinte: 2022 - 2023 \"}},{\"type\":\"grid_item\",\"props\":{\"content\":\"\n\n<p><span>N\\u0103scut \\u00een 1979 \\u00een Oradea, c\\u0103s\\u0103torit \\u0219i tat\\u0103l unui b\\u0103iat de 8 ani, absolvent \\u00een 2004 al Facult\\u0103\\u021bii de Arhitectur\\u0103 \\u0219i Urbanism din Cluj Napoca. Cadru didactic la Facultatea de Arhitectur\\u0103 din Oradea, \\u0219i arhitect \\u00een cadrul propriului birou de proiectare. Din 2009, este specialist atestat de Ministerul Culturii \\u00een reabilitarea patrimoniului construit, una dintre realiz\\u0103rile \\u00een domeniu fiind chiar spa\\u021biul \\u00een care ne afl\\u0103m ast\\u0103zi.<\\\/span><\\\/p>\",\"image\":\"wp-content\\\/uploads\\\/puscas.jpg\",\"image_alt\":\"Cristian Pu\\u0219ca\\u0219 Rotary Art Nouveau Oradea\",\"link\":\"https:\\\/\\\/www.facebook.com\\\/cristian.puscas.1612\",\"meta\":\"<a href=\\\"mailto:cristian.puscas@rotaryartnouveau.ro\\\">cristian.puscas@rotaryartnouveau.ro<\\\/a>\",\"tags\":\"Membri activi\",\"title\":\"Cristian <b>Puscas <\\\/b>| Membru fondator <br \/>Pre\\u015fedinte: 2022-2023 <br \/> Vicepre\\u0219edinte: 2021 \\u2013 2022 <br \/> \"}},{\"type\":\"grid_item\",\"props\":{\"content\":\"Este absolvent\\u00e3 a facult\\u00e3\\u021bii de Mecanic\\u0103, Timi\\u0219oara. Azi: bunic\\u0103, mam\\u0103, so\\u021bie, fiic\\u0103, prieten\\u0103, antreprenoare, trainer, consultant, mentor \\u2026 Pasiuni: c\\u0103l\\u0103toriile, oamenii, lectura. Cea mai recent\\u0103 activitate (dup\\u0103 cea de bunic\\u0103!) \\u2013 scriitoare de pove\\u0219ti pentru copii mari..mici.\",\"image\":\"wp-content\\\/uploads\\\/Sorina-Bradea_Poza-Profil-01.jpg\",\"image_alt\":\"Cristian Pu\\u0219ca\\u0219 | Membru fondator\",\"link\":\"https:\\\/\\\/www.facebook.com\\\/sorina.bradea\",\"meta\":\"<a href=\\\"mailto:sorina.bradea@rotaryartnouveau.ro\\\">sorina.bradea@rotaryartnouveau.ro<\\\/a>\",\"tags\":\"Membri activi,Echipa Districtual\\u0103 2025-2026\",\"title\":\"Sorina <b>Bradea <\\\/b>| Membru fondator<br \/>Dist. Fundraising Chair : 2024 \\u2013 2025<br \/> Pre\\u015fedinte: 2021 - 2022 <br \/> Vicepre\\u0219edinte: 2020 \\u2013 2021 <br \/> Responsabil proiecte: 2018 \\u2013 2023\"}},{\"type\":\"grid_item\",\"props\":{\"content\":\"Este de profesie inginer \\u0219i este director general la SC Novatex SRL Oradea. \\u0218tie c\\u0103 bucuria \\u0219i \\u00eemplinirile ei vin de la familia frumoas\\u0103, prietenii minuna\\u021bi, profesie \\u0219i societate. Prin serviciul ei \\u00een Rotary, \\u00ee\\u0219i propune s\\u0103 se dedice unui scop comun  spre binele tuturor, s\\u0103 aduc\\u0103 fericire, bun\\u0103stare \\u0219i senin\\u0103tate celor care au nevoie.\",\"image\":\"wp-content\\\/uploads\\\/membri-ran-0026.jpg\",\"image_alt\":\"Angela Tebie\\u0219 | Vicepre\\u0219edinte - Membru fondator\",\"link\":\"https:\\\/\\\/www.facebook.com\\\/angela.tebies\",\"meta\":\"<a href=\\\"mailto:angela.tebies@rotaryartnouveau.ro\\\">angela.tebies@rotaryartnouveau.ro<\\\/a>\",\"tags\":\"Membri activi,Echipa Districtual\\u0103 2025-2026\",\"title\":\"Angela <b>Tebie\\u0219<\\\/b> | Membru fondator<br \/> Asistent Guvernator Zonal: 2025 - 2026<br \/> Pre\\u0219edinte: 2020 - 2021<br \/> Vicepre\\u0219edinte: 2018 - 2020\"}},{\"type\":\"grid_item\",\"props\":{\"content\":\"\n\n<p><em>\\\"Sunt c\\u0103s\\u0103torit, am doua fete, deci sunt un om implinit. De profesie economist, absolvent al facult\\u0103\\u021bii de \\u0219tiin\\u021be economice Cluj Napoca, pasionat de natur\\u0103, sport \\u0219i tot ce e frumos.\\\"<\\\/em><\\\/p>\",\"image\":\"wp-content\\\/uploads\\\/radu-22.jpg\",\"image_alt\":\"Radu B\\u00eerlea | Membru\",\"link\":\"https:\\\/\\\/www.facebook.com\\\/radu.birlea\",\"meta\":\"<a href=\\\"mailto:contact@myliberte.ro\\\">contact@myliberte.ro<\\\/a>\",\"tags\":\"Membri activi,Echipa 2025-2026\",\"title\":\"Radu <b>B\\u00eerlea<\\\/b> | Membru <br \/>Rela\\u021bii cu banca 2024-2026;<br \/>Trezorier 2023-2024; Trezorier 2019-2021\"}},{\"type\":\"grid_item\",\"props\":{\"content\":\"\n\n<p>De profesie inginer constructor \\u0219i-a dorit mereu s\\u0103 construiasc\\u0103, s\\u0103 redea valoarea de odinioar\\u0103 a cl\\u0103dirilor istorice din ora\\u0219ul nostru. A reu\\u0219it. Cu g\\u00e2nduri bune, entuziasm, iubire \\u0219i respect a ales frumosul: o familie fericit\\u0103 ( to\\u021bi ingineri constructori), prietenii simple f\\u0103r\\u0103 farduri \\u0219i acest nou proiect de suflet Rotary Club Oradea Art Nouveau, a c\\u0103rui pre\\u0219edinte este.<\\\/p>\",\"image\":\"wp-content\\\/uploads\\\/daniele-ionascu-01-25.jpg\",\"image_alt\":\"Daniele Ionascu\",\"link\":\"https:\\\/\\\/www.facebook.com\\\/profile.php?id=100008190373473\",\"meta\":\"<a href=\\\"mailto:daniela.ionascu@rotaryartnouveau.ro\\\">daniela.ionascu@rotaryartnouveau.ro<\\\/a>\",\"tags\":\"Membri activi,Echipa Districtual\\u0103 2025-2026\",\"title\":\"Daniela <b>Iona\\u015fcu<\\\/b>  | Membru fondator <br \/> Dist. Endowment & Major Gifts Chair: 2025 \\u2013 2026<br \/> Asistent Guvernator: 2022-2025<br \/> Pre\\u0219edinte fondator: 2018 - 2020\"}},{\"type\":\"grid_item\",\"props\":{\"content\":\"\n\n<p>Inginer structurist de profesie, se str\\u0103duie\\u0219te s\\u0103 educe t\\u00e2n\\u0103ra genera\\u021bie, s\\u0103 iubeasc\\u0103 cl\\u0103dirile, s\\u0103 construiasc\\u0103 trainic \\u0219i frumos pentru a putea p\\u0103stra zestrea arhitectural\\u0103 mo\\u0219tenit\\u0103 pentru c\\u00e2t mai mult timp. Este pasionat\\u0103 de sport, g\\u0103tit \\u0219i muzic\\u0103 pop-rock. Este c\\u0103s\\u0103torit\\u0103 \\u0219i are o fiic\\u0103 minunat\\u0103.<\\\/p>\",\"image\":\"wp-content\\\/uploads\\\/membri-ran-0013.jpg\",\"image_alt\":\"Maria Pop\",\"meta\":\"<a href=\\\"mailto:maria.pop@rotaryartnouveau.ro\\\">maria.pop@rotaryartnouveau.ro<\\\/a>\",\"tags\":\"Membri activi\",\"title\":\"Maria <b>Pop<\\\/b> | Membru fondator<br \/>Pre\\u015fedinte ales 2024 - 2025 <br \/>Secretar 2022 - 2023\"}},{\"type\":\"grid_item\",\"props\":{\"content\":\"Sunt jurist\\u0103 de profesie, am o familie frumoas\\u0103, \\u00eemi place s\\u0103 citesc, s\\u0103 c\\u0103l\\u0103toresc, s\\u0103 navighez. Iubesc via\\u021ba pe care am primit-o \\u00een dar \\u0219i oamenii care m\\u0103 \\u00eenconjoar\\u0103. Consider c\\u0103 nimic nu e \\u00eent\\u00e2mpl\\u0103tor \\u00een via\\u021b\\u0103 \\u0219i c\\u0103 mereu avem c\\u00e2te ceva de \\u00eenv\\u0103\\u021bat.\",\"image\":\"wp-content\\\/uploads\\\/gratiana.jpg\",\"image_alt\":\"Gra\\u021biana Iacobescu | Membru\",\"link\":\"https:\\\/\\\/www.facebook.com\",\"meta\":\"<a href=\\\"mailto:grati.iacobescu@rotaryartnouveau.ro\\\">grati.iacobescu@rotaryartnouveau.ro<\\\/a>\",\"tags\":\"Membri activi\",\"title\":\"Gra\\u021biana <b>Iacobescu<\\\/b> | Membru<br \/> Trezorier 2022-2023\"}},{\"type\":\"grid_item\",\"props\":{\"content\":\"Mam\\u0103 a doi baie\\u0163i, pasionat\\u0103 de c\\u0103l\\u0103torii \\u015fi flori. N\\u0103scuta\\u0103 \\u00een Oradea, gojdist\\u0103, studii economice \\u015fi antreprenor de 25 ani. \\u00cemi doresc s\\u0103 las lucruri frumoase \\u00een urma mea.\",\"image\":\"wp-content\\\/uploads\\\/Helen-Pater.jpg\",\"image_alt\":\"Helen Pater\",\"link\":\"https:\\\/\\\/www.facebook.com\\\/helen.pater.7\",\"meta\":\"\",\"tags\":\"Membri activi\",\"title\":\"Helen <b>Pater<\\\/b> | Membru\"}},{\"type\":\"grid_item\",\"props\":{\"content\":\"Absolvent\\u0103 a Facult\\u0103\\u021bii de \\u0218tiin\\u021be Economoce din Oradea, \\u00een prezent economist. Fire vesel\\u0103, ambi\\u021bioas\\u0103 \\u0219i muncitoare. \\u00cen timpul liber \\u00eemi place s\\u0103 m\\u0103 \\u00eent\\u00e2lnesc cu prietenii, s\\u0103 fac drume\\u021bii, s\\u0103 m\\u0103 uit la filme \\u0219i s\\u0103 citesc.\",\"image\":\"wp-content\\\/uploads\\\/roxana.jpg\",\"image_alt\":\"Radu B\\u00eerlea | Membru\",\"link\":\"#\",\"meta\":\"\",\"tags\":\"Membri activi\",\"title\":\"Roxana <b>Beiu\\u0219uanu<\\\/b> | Membru <br \/>Trezorier: 2021-2022\"}},{\"type\":\"grid_item\",\"props\":{\"content\":\"\n\n<p>Este profesor la Colegiul Na\\u021bional ,,Emanuil Gojdu\\\" din Oradea, institu\\u021bie pe care a avut onoarea s\\u0103 o conduc\\u0103. Este pasionat\\u00e3 de pictur\\u00e3 \\u0219i de crea\\u021bia de bijuterii. Are o fire vesel\\u00e3, optimist\\u00e3 dar \\u0219i perfec\\u021bionist\\u00e3. Consider\\u0103 c\\u0103 oric\\u00e2nd ne lovim de o u\\u0219\\u0103 \\u00eenchis\\u0103 va fi mereu o alta care se va deschide, c\\u0103 oamenii sunt \\u0219i trebuie s\\u0103 fie ghida\\u021bi de prietenie, iubire, generozitate, sinceritate.<\\\/p>\",\"image\":\"wp-content\\\/uploads\\\/membri-ran-0017.jpg\",\"image_alt\":\"Liana Bako | Trezorier - Membru fondator\",\"link\":\"https:\\\/\\\/www.facebook.com\",\"meta\":\"<a href=\\\"mailto:liana.bako@rotaryartnouveau.ro\\\">liana.bako@rotaryartnouveau.ro<\\\/a>\",\"tags\":\"Membri inactivi\",\"title\":\"Liana <b>Bako<\\\/b> | Membru fondator <\\\/br> Trezorier: 2018 - 2019\"}},{\"type\":\"grid_item\",\"props\":{\"content\":\"\n\n<p>Psiholog de profesie, mam\\u0103 a unei fete geniale, a avut \\u0219ansa de a lucra mereu cu \\u0219i pentru oameni. Cei peste 20 de ani dedica\\u021bi domeniului Resurse Umane, i-au dat posibilitatea de a-\\u0219i pune ampreta at\\u00e2t pe dezvoltarea mediului de afaceri c\\u00e2t mai ales asupra oamenilor, ghid\\u00e2ndu-i \\u0219i sprijinindu-i \\u00een provocatorul demers al realiz\\u0103rii profesionale. S-a str\\u0103duit s\\u0103 insufle oamenilor credin\\u021ba \\u00eentr-o lume mai bun\\u0103 \\u0219i pentru asta s-a implicat activ \\u0219i a ini\\u021biat nenum\\u0103rate proiecte sociale. Cu c\\u00e2t suntem mai mul\\u021bi cu at\\u00e2t mai mari sunt \\u0219ansele noastre de succes. Ac\\u021biunea este una colectiv\\u0103, \\u00eens\\u0103 contribu\\u021bia este individual\\u0103.<\\\/p>\",\"image\":\"wp-content\\\/uploads\\\/Ligia-Caojdan-2024-01.jpg\",\"image_alt\":\"Ligia Caojdan\",\"link\":\"https:\\\/\\\/www.facebook.com\\\/ligia.cioara\",\"meta\":\"\",\"tags\":\"Membri activi\",\"title\":\"Ligia <b>Caojdan<\\\/b> | Membru <br \/>Secretar 2023-2024\"}},{\"type\":\"grid_item\",\"props\":{\"content\":\" 1982, fire vesel\\u0103 \\u0219i optimist\\u0103 \\u00eei place muzica, dansul \\u0219i c\\u0103l\\u0103toriile. Este or\\u0103deanc\\u0103 cu un suflet care iube\\u0219te oamenii \\u0219i \\u0219tie s\\u0103 d\\u0103ruiasc\\u0103 av\\u00e2nd, concepte comune Clubului Rotary Art Nouveau.\",\"image\":\"wp-content\\\/uploads\\\/membri-ran-0007.jpg\",\"image_alt\":\"Sanda D\\u0103ncescu | Membru fondator\",\"link\":\"https:\\\/\\\/www.facebook.com\\\/sanda.dancescu1\",\"meta\":\"<a href=\\\"mailto:sanda.dancescu@rotaryartnouveau.ro\\\">sanda.dancescu@rotaryartnouveau.ro<\\\/a>\",\"tags\":\"Membri activi\",\"title\":\"Sanda <b>D\\u0103ncescu<\\\/b> | Membru fondator <br \/>Secretar: 2021 - 2022\"}},{\"type\":\"grid_item\",\"props\":{\"content\":\"Este  absolvent\\u0103 a  Universit\\u0103\\u021bii Babe\\u015f-Bolyai, Facultatea de Chimie, doctor \\u00een Inginerie civil\\u0103. Activeaz\\u0103 ca \\u0219ef lucr\\u0103ri \\u00een cadrul facult\\u0103\\u021bii de Protec\\u021bia Mediului a Universit\\u0103\\u021bii din Oradea. Iube\\u0219te copiii, o pasioneaz\\u0103 lectura, c\\u0103l\\u0103toriile, muzica, dansul \\u0219i se ghideaz\\u0103 dup\\u0103 principiul lui Dalai Lama ,,Semeni o fapt\\u0103, culegi un obicei, semeni un obicei, culegi un caracter, semeni un caracter culegi un destin,,\\n\\u00a0\\n\\u00a0\",\"image\":\"wp-content\\\/uploads\\\/membri-ran-0012.jpg\",\"image_alt\":\"Emilia Pantea | Membru fondator\",\"link\":\"https:\\\/\\\/www.facebook.com\\\/pantea.emilia.1\",\"meta\":\"<a href=\\\"mailto:emilia.pantea@rotaryartnouveau.ro\\\">emilia.pantea@rotaryartnouveau.ro<\\\/a>\",\"tags\":\"Membri activi\",\"title\":\"Emilia <b>Pantea<\\\/b> | Membru fondator <br \/>Secretar: 2020 - 2021\"}},{\"type\":\"grid_item\",\"props\":{\"content\":\"Este cadru didactic la Facultatea de Protec\\u021bia Mediului, este absolvent\\u0103 a specializ\\u0103rii  Fizica Mediului \\u0219i are un doctorat \\u00een Energii regenerabile. Iube\\u0219te tot ceea ce este frumos. Admir\\u0103 frumuse\\u021bea naturii, a unei demonstra\\u021bii matematice, a unei teorii fizice, dar \\u0219i a unui spectacol de teatru sau a unui slam dunk al echipei de baschet.\",\"image\":\"wp-content\\\/uploads\\\/membri-ran-0018.jpg\",\"image_alt\":\"Monica Costea | Secretar - Membru fondator\",\"link\":\"https:\\\/\\\/www.facebook.com\\\/costea.monica.5\",\"meta\":\"<a href=\\\"mailto:monica.costea@rotaryartnouveau.ro\\\">monica.costea@rotaryartnouveau.ro<\\\/a>\",\"tags\":\"Membri activi\",\"title\":\"Monica <b>Costea<\\\/b> | Membru fondator <br \/>Secretar: 2018 - 2020\"}},{\"type\":\"grid_item\",\"props\":{\"content\":\"Este  or\\u0103deanc\\u0103,  gojdist\\u0103, inginer calculatorist, cadru didactic al Universit\\u0103\\u021bii or\\u0103dene, c\\u0103s\\u0103torit\\u0103, un copil, fire vesel\\u0103 \\u0219i optimist\\u0103. \\u00cei plac drume\\u021biile, ador\\u0103 provoc\\u0103rile \\u0219i dore\\u0219te s\\u0103 ajute.\",\"image\":\"wp-content\\\/uploads\\\/membri-ran-0008.jpg\",\"image_alt\":\"Gianina Gabor | Membru fondator\",\"link\":\"https:\\\/\\\/www.facebook.com\",\"meta\":\"<a href=\\\"mailto:gianina.gabor@rotaryartnouveau.ro\\\">gianina.gabor@rotaryartnouveau.ro<\\\/a>\",\"tags\":\"Membri activi\",\"title\":\"Gianina <b>Gabor <\\\/b> | Membru fondator\"}},{\"type\":\"grid_item\",\"props\":{\"content\":\"Este fiic\\u0103, so\\u021bie, mam\\u0103 \\u0219i medic. Este o fire pozitiv\\u0103, \\u00eei place s\\u0103 \\u00eei vad\\u0103 pe ceilal\\u021bi ferici\\u021bi. Ador\\u0103 provoc\\u0103rile, \\u0219i crede c\\u0103 succesul  le sur\\u00e2de celor temerari. \\u0218tie c\\u0103 o munc\\u0103 sus\\u021binut\\u0103 este cheia c\\u0103tre succes.  Se consider\\u0103 norocoas\\u0103 c\\u0103 tr\\u0103ie\\u0219te \\u00een Oradea, ora\\u0219ul Art Nouveau.\",\"image\":\"wp-content\\\/uploads\\\/membri-ran-0010.jpg\",\"image_alt\":\"Nicoleta Hava\\u0219i | Membru fondator\",\"link\":\"https:\\\/\\\/www.facebook.com\\\/nicoleta.havasi\",\"meta\":\"<a href=\\\"mailto:nicoleta.havasi@rotaryartnouveau.ro\\\">nicoleta.havasi@rotaryartnouveau.ro<\\\/a>\",\"tags\":\"Membri inactivi\",\"title\":\"Nicoleta <b>Hava\\u0219i<\\\/b> | Membru fondator\"}},{\"type\":\"grid_item\",\"props\":{\"content\":\"Inginer textilist de profesie, Anca a lucrat toat\\u0103 via\\u021ba f\\u0103c\\u00e2ndu-\\u0219i meseria cu pasiune. Poate aceasta e una din calit\\u0103\\u021bile ei, face totul cu pasiune, chiar dac\\u0103 e vorba de meserie, de hobby-uri ca lanscaping, de g\\u0103tit sau croitorie. Fire vesel\\u0103, se simte vie c\\u00e2nd are parte de provoc\\u0103ri. Pune mult pre\\u021b pe prietenie, iube\\u0219te s\\u0103 vad\\u0103 oameni ferici\\u021bi. E m\\u00e2ndr\\u0103 de familia ei, e locul unde se \\u00eencarc\\u0103 cu energie, unde se simte iubit\\u0103 \\u0219i apreciat\\u0103.\",\"image\":\"wp-content\\\/uploads\\\/membri-ran-0021.jpg\",\"image_alt\":\"Anca Mihai | Membru fondator\",\"link\":\"https:\\\/\\\/www.facebook.com\",\"meta\":\"<a href=\\\"mailto:anca.mihai@rotaryartnouveau.ro\\\">anca.mihai@rotaryartnouveau.ro<\\\/a>\",\"tags\":\"Membri activi\",\"title\":\"Anca <b>Mihai<\\\/b> | Membru fondator\"}},{\"type\":\"grid_item\",\"props\":{\"content\":\"\\u00cembin\\u0103 arta suprem\\u0103 a profesorului, cu gra\\u021bia \\u0219i r\\u0103bdarea psihologului! \\u00cen calitate de Director al \\u0218colii \\u0219i Gr\\u0103dini\\u021bei Americano-Rom\\u00e2ne \\u00ee\\u0219i dedic\\u0103 timpul lucrului cu copiii, preg\\u0103tind zi de zi fundamentul unei educa\\u021bii alese pentru ace\\u0219tia!\",\"image\":\"wp-content\\\/uploads\\\/membri-ran-0023.jpg\",\"image_alt\":\"Claudia Morar | Membru fondator\",\"link\":\"https:\\\/\\\/www.facebook.com\\\/claudia.morar\",\"meta\":\"<a href=\\\"mailto:claudia.morar@rotaryartnouveau.ro\\\">claudia.morar@rotaryartnouveau.ro<\\\/a>\",\"tags\":\"Membri activi\",\"title\":\"Claudia <b>Morar<\\\/b> | Membru fondator\"}},{\"type\":\"grid_item\",\"props\":{\"content\":\"Ca \\u015fi fondator \\u015fi dirijor al Corului Fiat Lux, profesor de educa\\u0163ie muzical\\u0103, Antonia Nica se define\\u015fte pe sine ca un \\u201ev\\u00e2n\\u0103tor de st\\u0103ri privilegiate\\u201d, st\\u0103ri create prin unirea \\u00een complexe armonii a acelor voci. \\nCa director al Liceul Greco-Catolic Iuliu Maniu coordoneaz\\u0103 cu disciplin\\u0103, d\\u0103ruire \\u0219i adaptabilitate activitatea eleviior dovedind un spirit ecumenic, \\u0219i altruist.\",\"image\":\"wp-content\\\/uploads\\\/membri-ran-0025.jpg\",\"image_alt\":\"Antonia Nica | Membru fondator\",\"link\":\"https:\\\/\\\/www.facebook.com\\\/antonia.nica.58\",\"meta\":\"<a href=\\\"mailto:antonia.nica@rotaryartnouveau.ro\\\">antonia.nica@rotaryartnouveau.ro<\\\/a>\",\"tags\":\"Membri activi\",\"title\":\"Antonia <b>Nica<\\\/b> | Membru fondator\"}},{\"type\":\"grid_item\",\"props\":{\"content\":\"\n\n<p>Or\\u0103deanc\\u0103, gojdist\\u0103, absolvent\\u0103 a U.P. Timi\\u015foara, inginer constructor, cadru didactic al Universit\\u0103\\u021bii din Oradea, c\\u0103s\\u0103torit\\u0103, dou\\u0103 fiice, un nepo\\u0163el. Foarte optimist\\u0103, dore\\u0219te s\\u0103 ajute, nu \\u015ftie s\\u0103 spun\\u0103 \\u201cNU\\u201d.<\\\/p>\",\"image\":\"wp-content\\\/uploads\\\/iacobescu.jpg\",\"image_alt\":\"Marcela Prada | Membru fondator\",\"link\":\"https:\\\/\\\/www.facebook.com\\\/marcela.prada.31\",\"meta\":\"<a href=\\\"mailto:marcela.prada@rotaryartnouveau.ro\\\">marcela.prada@rotaryartnouveau.ro<\\\/a>\",\"tags\":\"Membri activi\",\"title\":\"Marcela <b>Prada<\\\/b> | Membru fondator\"}},{\"type\":\"grid_item\",\"props\":{\"content\":\"Persoan\\u0103 loial\\u0103 \\u015fi familist\\u0103 convins\\u0103, are multe de d\\u0103ruit celor doi b\\u0103ie\\u0163i ai ei, fiului Alex \\u015fi so\\u0163ului Dacian, \\u00eembin\\u00e2nd via\\u0163a de familie \\u00een perfect\\u0103 armonie cu profesia. Cadru didactic al Universit\\u0103\\u0163ii din Oradea \\u015fi antrenor al sec\\u0163iei de gimnastic\\u0103 ritmic\\u0103 al C.S.U. Oradea, av\\u00e2nd rezultate remarcabile at\\u00e2t ca sportiv\\u0103 c\\u00e2t \\u015fi ca antrenoare, a insuflat\\u00a0\\u201dvirusul\\u201d frumuse\\u0163ii \\u015fi elegan\\u0163ei care o caracterizeaz\\u0103.\",\"image\":\"wp-content\\\/uploads\\\/membri-ran-0014.jpg\",\"image_alt\":\"Anca Sab\\u0103u | Membru fondator\",\"link\":\"https:\\\/\\\/www.facebook.com\\\/sabau.anca.9\",\"meta\":\"<a href=\\\"mailto:anca.sabau@rotaryartnouveau.ro\\\">anca.sabau@rotaryartnouveau.ro<\\\/a>\",\"tags\":\"Membri activi\",\"title\":\"Anca <b>Sab\\u0103u<\\\/b> | Membru fondator\"}},{\"type\":\"grid_item\",\"props\":{\"content\":\"Este absolvent\\u0103 a Facult\\u0103\\u021bii de Arhitectur\\u0103 Cluj Napoca, promo\\u021bia 1983. \\u00cen 1990 \\u0219i-a \\u00eenfiin\\u021bat propria afacere \\u00een domeniul modei. \\u00cen ultimii 10 ani a activat  \\u00een domeniul social, specializ\\u00e2ndu-se \\u00een problemele persoanelor v\\u00e2rstnice. \\u00cempreun\\u0103 cu fiul ei conduce un ONG \\u00een Oradea.\",\"image\":\"wp-content\\\/uploads\\\/membri-ran-0016.jpg\",\"image_alt\":\"Delia Stoica | Membru fondator\",\"link\":\"https:\\\/\\\/www.facebook.com\\\/deliastoica\",\"meta\":\"<a href=\\\"mailto:delia.stoica@rotaryartnouveau.ro\\\">delia.stoica@rotaryartnouveau.ro<\\\/a>\",\"tags\":\"Membri onorifici,\",\"title\":\"Delia <b>Stoica<\\\/b> | Membru fondator\"}},{\"type\":\"grid_item\",\"props\":{\"content\":\"Absolvent\\u0103 a Facult\\u0103\\u021bii de Textile din Ia\\u0219i, \\u00een prezent director general la o companie care produce materiale textile, si-a facut \\u00eentotdeauna meseria cu mult\\u0103 d\\u0103ruire \\u0219i pasiune. Ador\\u0103 s\\u0103 c\\u0103l\\u0103toreasc\\u0103, \\u00eei place s\\u0103 g\\u0103teasc\\u0103. Iube\\u0219te oamenii \\u0219i ora\\u0219ul \\u00een care tr\\u0103ie\\u0219te.  Bucuria ei, este atunci c\\u00e2nd reu\\u0219e\\u0219te s\\u0103 d\\u0103ruiasc\\u0103 fericire celor din jur.\",\"image\":\"wp-content\\\/uploads\\\/membri-ran-0020.jpg\",\"image_alt\":\"Nadina Turc | Membru fondator\",\"link\":\"https:\\\/\\\/www.facebook.com\\\/nadina.bocra\",\"meta\":\"<a href=\\\"mailto:nadina.turc@rotaryartnouveau.ro\\\">nadina.turc@rotaryartnouveau.ro<\\\/a>\",\"tags\":\"Membri activi\",\"title\":\"Nadina <b>Turc<\\\/b> | Membru fondator\"}},{\"type\":\"grid_item\",\"props\":{\"content\":\"\",\"image\":\"wp-content\\\/uploads\\\/membri-01.jpg\",\"image_alt\":\"Teodora Muth | Membru fondator\",\"link\":\"https:\\\/\\\/www.facebook.com\",\"meta\":\"<a href=\\\"mailto:teodora.muth@rotaryartnouveau.ro\\\">teodora.muth@rotaryartnouveau.ro<\\\/a>\",\"tags\":\"Membri inactivi\",\"title\":\"Teodora <b>Muth<\\\/b> | Membru fondator\"}},{\"type\":\"grid_item\",\"props\":{\"content\":\"Istoric \\u015fi critic de art\\u0103, conf. univ. la Facultatea de Construc\\u0163ii, Cadastru \\u015fi Arhitectur\\u0103 a Universit\\u0103\\u0163ii din Oradea. Autoare a patru c\\u0103r\\u0163i de specialitate. Colaboratoare a postului TV Digi24. Membr\\u0103 \\u00een Asocia\\u0163ia Interna\\u0163ional\\u0103 a Criticilor de Art\\u0103 \\u015fi \\u00een Re\\u0163eaua  Interna\\u0163ional\\u0103 Art Nouveau. \\u00cei place s\\u0103 schieze \\u015fi s\\u0103 deseneze pe nisip.\",\"image\":\"wp-content\\\/uploads\\\/02-1.jpg\",\"image_alt\":\"Ramona Novicov | Membru fondator\",\"link\":\"https:\\\/\\\/www.facebook.com\\\/profile.php?id=100009768494370\",\"meta\":\"<a href=\\\"mailto:ramona.novicov@rotaryartnouveau.ro\\\">ramona.novicov@rotaryartnouveau.ro<\\\/a>\",\"tags\":\"Membri onorifici\",\"title\":\"Ramona <b>Novicov<\\\/b> | Membru fondator\"}},{\"type\":\"grid_item\",\"props\":{\"content\":\"Antreprenor, de meserie manager turism.  M-am privatizat din 1990 \\u015fi am activat \\u00een multe buisnessuri din domeniul turismului, beauty  sau  horeca. Sunt n\\u0103scut\\u0103 \\u00een 28.11.1961, am doua fete \\u015fi sunt bunic\\u0103.\",\"image\":\"wp-content\\\/uploads\\\/matiu.jpg\",\"image_alt\":\"Matiu Simona Dorina\",\"link\":\"#\",\"meta\":\"\",\"tags\":\"Membri activi\",\"title\":\"Matiu Simona <b>Dorina<\\\/b> | Membru \"}},{\"type\":\"grid_item\",\"props\":{\"content\":\"\n\n<p>\\\"Nu te speria singur, nu spune: \\u201cunde-i unul, nu-i putere\\u201d. Oricine dore\\u0219te cu sinceritate adev\\u0103rul, acela e deja teribil de puternic.\\\" - <strong>Feodor M. Dostoievski<\\\/strong><\\\/p>\",\"image\":\"wp-content\\\/uploads\\\/ramona_nemes-sq-01.jpg\",\"image_alt\":\"Ramona Nemes Oradea\",\"link\":\"https:\\\/\\\/www.facebook.com\\\/nem.ram.z\",\"meta\":\"<a href=\\\"mailto:ramona.nemes@rotaryartnouveau.ro\\\">ramona.nemes@rotaryartnouveau.ro<\\\/a>\",\"tags\":\"Membri activi\",\"title\":\"Ramona <b>Neme\\u0219<\\\/b> | Membru \"}},{\"type\":\"grid_item\",\"props\":{\"content\":\"Sunt pasionat de tehnologie, web design \\u0219i marketing online, unde m\\u0103 dedic dezvolt\\u0103rii de solu\\u021bii digitale creative. \\u00cen timpul liber, ador s\\u0103 explorez natura pe biciclet\\u0103, \\u00een special pe traseele montane. Sunt \\u00eenc\\u00e2ntat s\\u0103 fac parte din comunitatea Rotary \\u0219i s\\u0103 contribui activ la ini\\u021biativele noastre.\",\"image\":\"wp-content\\\/uploads\\\/williams.jpg\",\"image_alt\":\"Williams Mihai Rosian\",\"link\":\"https:\\\/\\\/www.facebook.com\\\/williams.rosian\\\/\",\"meta\":\"<a href=\\\"mailto:williams@rotaryartnouveau.ro\\\">williams@rotaryartnouveau.ro<\\\/a>\",\"tags\":\"Membri activi\",\"title\":\"Mihai Williams <b>Ro\\u0219ian<\\\/b> | Membru \"}},{\"type\":\"grid_item\",\"props\":{\"content\":\"Sunt inginer structurist, pasionat\\u0103 \\u0219i dedicat\\u0103. \\u00cemi place s\\u0103 explorezi noi oportunit\\u0103\\u021bi. Sunt motivat\\u0103 de provoc\\u0103ri \\u0219i \\u00eemi place s\\u0103 lucrez \\u00eentr-un mediu dinamic, unde pot contribui la dezvoltarea comunit\\u0103\\u0163ii.\",\"image\":\"wp-content\\\/uploads\\\/brigitta-kiss.jpg\",\"image_alt\":\"Brigitta Kiss\",\"link\":\"#\",\"meta\":\"\",\"tags\":\"Membri activi\",\"title\":\"Brigitta <b>Kiss<\\\/b> | Membru \"}},{\"type\":\"grid_item\",\"props\":{\"content\":\"Sunt economist la baz\\u0103, mama a unei fete extraordinare, \\u00eemi place s\\u0103-mi ajut semenii, \\u00eemi plac c\\u0103l\\u0103toriile, teatrul, \\u00eemi place s\\u0103 pictez \\u015fi s\\u0103 citesc. Vreau \\u0219i \\u00eemi place s\\u0103  \\u00eenv\\u0103\\u021b de la fiecare om pe care-l cunosc, c\\u00e2te ceva.\",\"image\":\"wp-content\\\/uploads\\\/adriana-farkas-2024.jpg\",\"image_alt\":\"Adriana Farkas\",\"link\":\"#\",\"meta\":\"\",\"tags\":\"Membri inactivi\",\"title\":\"Adriana <b>Farkas<\\\/b> | Membru \"}},{\"type\":\"grid_item\",\"props\":{\"content\":\"Inginer structurist de profesie, se str\\u0103duie\\u0219te s\\u0103 educe t\\u00e2n\\u0103ra genera\\u021bie, s\\u0103 iubeasc\\u0103 cl\\u0103dirile, s\\u0103 construiasc\\u0103 trainic \\u0219i frumos pentru a putea p\\u0103stra zestrea arhitectural\\u0103 mo\\u0219tenit\\u0103 pentru c\\u00e2t mai mult timp. Este  pasionat\\u0103 de sport, g\\u0103tit \\u0219i muzic\\u0103 pop-rock. Este c\\u0103s\\u0103torit\\u0103 \\u0219i are o fiic\\u0103 minunat\\u0103.\",\"image\":\"wp-content\\\/uploads\\\/membri-ran-0013.jpg\",\"image_alt\":\"Maria Pop | Membru fondator\",\"link\":\"https:\\\/\\\/www.facebook.com\\\/maria.popghergheles.3\",\"meta\":\"<a href=\\\"mailto:maria.pop@rotaryartnouveau.ro\\\">maria.pop@rotaryartnouveau.ro<\\\/a>\",\"status\":\"disabled\",\"title\":\"Maria <b>Pop<\\\/b> <br \/> Membru fondator |  Secretar 2022 - 2023\"}},{\"type\":\"grid_item\",\"props\":{\"content\":\"\n\n<p>Jurist \\u0219i economist de profesie. Om de Resurse Umane. Coach. Pasionat\\u0103 de oameni \\u0219i de transformarea acestora \\u00eentr-o versiune mai bun\\u0103 a lor. Imi doresc s\\u0103\\u00a0\\u00eemi aduc contribu\\u021bia la o lume mai bun\\u0103, \\u00een care oamenii \\u00ee\\u0219i vor tr\\u0103i via\\u021ba cu o atitudine mental\\u0103 pozitiv\\u0103 \\u0219i \\u201cgoing the extra mile\\u201d f\\u0103r\\u0103 s\\u0103 a\\u0219tepte nimic \\u00een schimb.<\\\/p>\",\"image\":\"wp-content\\\/uploads\\\/Bala.png\",\"image_alt\":\"Codru\\u0163a | Membru \",\"link\":\"#\",\"meta\":\"\",\"tags\":\"Membri activi\",\"title\":\"Codru\\u0163a <b>Bala<\\\/b> | Membru\"}},{\"type\":\"grid_item\",\"props\":{\"content\":\"\n\n<p>Ryan Bhageerutty este de profesie medic oftalmolog, n\\u0103scut \\u00een Mauritius \\u015fi stabilit \\u00een Oradea \\u00een urm\\u0103 cu 16 ani, pentru a se forma profesional, absolvind Universitatea de Medicina \\u015fi Farmacie Oradea. Profeseaz\\u0103 \\u00een cadrul policlinicii din Marghita, dar \\u015fi \\u00een cadrul celor dou\\u0103 centre medicale din Oradea \\u015fi Marghita , pe care le de\\u0163ine.<br \\\/>Pentru a se deconecta de zilele \\u00eencarcate de la locul de munc\\u0103 \\u015fi a se delecta pentru a avea din nou energia necesar\\u0103, g\\u0103te\\u015fte \\u015fi alege s\\u0103 c\\u0103l\\u0103toreasc\\u0103 spre \\u00eenc\\u00e2ntarea descoperirii de noi aventuri.<\\\/p>\",\"image\":\"wp-content\\\/uploads\\\/ryan.jpg\",\"image_alt\":\"Ryan Bhageerutty | Membru\",\"link\":\"https:\\\/\\\/www.facebook.com\\\/ryan.bhageerutty\",\"meta\":\"\",\"tags\":\"Membri activi\",\"title\":\"Ryan <b>Bhageerutty<\\\/b> | Membru\"}},{\"type\":\"grid_item\",\"props\":{\"content\":\"\n\n<p><em>\\\"Jurist, absolvent\\u0103 a facult\\u0103\\u021bii de drept din Oradea. \\u00cen concordan\\u021b\\u0103 cu profesia aleas\\u0103 \\u00eemi plac provoc\\u0103rile, diversitatea, dorin\\u021ba de a ajuta oamenii \\u0219i nu \\u00een ultimul r\\u00e2nd s\\u0103 fac tot ceea ce \\u00eemi st\\u0103 \\u00een putin\\u021b\\u0103 ca adev\\u0103rul s\\u0103 fie scos la lumin\\u0103. Pe de alt\\u0103 parte \\u00eemi place tot ceea ce \\u021bine de spiritualitate, art\\u0103, nonconformism. Iubesc copiii \\u0219i cred c\\u0103 dezvoltarea, evolu\\u021bia \\u0219i tot ceea ce \\u021bine de ei ar trebui s\\u0103 fie scopul suprem in via\\u021ba noastr\\u0103, a tuturor, fie c\\u0103 fac parte din familia noastr\\u0103 fie c\\u0103 via\\u021ba nu ni i-a d\\u0103ruit personal.\\\"<\\\/em><\\\/p>\",\"image\":\"wp-content\\\/uploads\\\/Oana-David.png\",\"image_alt\":\"Oana | Membru \",\"link\":\"https:\\\/\\\/www.facebook.com\\\/profile.php?id=100010337620137\",\"meta\":\"\",\"tags\":\"Membri activi,Echipa 2025-2026\",\"title\":\"Oana <b>David<\\\/b> | Membru<br \/>Secretar 2025-2026\"}},{\"type\":\"grid_item\",\"props\":{\"content\":\"Sunt absolvent\\u0103 a facult\\u0103\\u021bii de Geografia Turismului.<br \/>\\nAm o afacere proprie \\u00een domeniul transportului frigorific de m\\u0103rfuri \\u0219i sunt la \\u00eenceput de drum \\u00een dezvoltare imobiliar\\u0103.<br \/>\\nSunt c\\u0103s\\u0103torit\\u0103. Am un copil. O familie minunat\\u0103.\\nAl\\u0103turi de Rotary Art Nouveau pot  aduce un plus comunit\\u0103\\u021bii!\\n\",\"image\":\"wp-content\\\/uploads\\\/anamaria.jpg\",\"image_alt\":\"Szanto | Membru\",\"link\":\"#\",\"meta\":\"\",\"tags\":\"Membri activi\",\"title\":\"Anamaria <b>Mihe\\u0219<\\\/b> | Membru\"}},{\"type\":\"grid_item\",\"props\":{\"content\":\"\n\n<p>Absolvent\\u0103 a facult\\u0103\\u021bii de stomatologie din cadrul UMF Iuliu Ha\\u021beganu Cluj-Napoca, medic primar de stomatologie \\u00een propriul cabinet. Abnega\\u021bie \\u0219i pasiune \\u00een tot ce face. Iube\\u0219te c\\u0103r\\u021bile, oamenii, animalele, c\\u0103l\\u0103toriile, arta \\u00een toate formele ei. \\u0218i-a dorit s\\u0103 fac\\u0103 parte din marea familie Rotary al\\u0103tur\\u00e2ndu-se acestui club minunat Rotary Art Nouveau din dorin\\u021ba de a ajuta.<\\\/p>\",\"image\":\"wp-content\\\/uploads\\\/dorina.jpg\",\"image_alt\":\"Dorina Oros | Membru\",\"link\":\"https:\\\/\\\/www.facebook.com\\\/dorina.oros.98\",\"meta\":\"<a href=\\\"mailto:dorina.oros@rotaryartnouveau.ro\\\">dorina.oros@rotaryartnouveau.ro<\\\/a>\",\"tags\":\"Membri activi\",\"title\":\"Dorina <b>Oros<\\\/b> | Membru\"}},{\"type\":\"grid_item\",\"props\":{\"content\":\"\n\n<p>Sunt cadru didactic, absolvent\\u0103 a Universit\\u0103\\u021bii Tehnice \\\"Gh. Asachi\\\" din Ia\\u0219i \\u0219i a Facult\\u0103\\u021bii de Chimie din Cluj Napoca, iar dorin\\u021ba de a stimula celor doi copii ai mei, de care sunt tare m\\u00e2ndr\\u0103, g\\u00e2ndirea creativ\\u0103, abilit\\u0103\\u021bile emo\\u021bionale \\u0219i sociale, m-au motivat apoi s\\u0103 \\u00eenfiin\\u021bez un ONG educa\\u021bional. Am o familie minunata, ea este sursa mea de energie, locul unde g\\u0103sesc armonie \\u0219i inimi pline de iubire.<\\\/p>\",\"image\":\"wp-content\\\/uploads\\\/popovici.jpg\",\"image_alt\":\"Mihaela Popovici | Membru\",\"link\":\"https:\\\/\\\/www.facebook.com\\\/mihaela.popovici.315\",\"meta\":\"<a href=\\\"mailto:mihaela.popovici@rotaryartnouveau.ro\\\">mihaela.popovici@rotaryartnouveau.ro<\\\/a>\",\"tags\":\"Membri inactivi\",\"title\":\"Mihaela <b>Popovici<\\\/b> | Membru\"}},{\"type\":\"grid_item\",\"props\":{\"content\":\"\n\n<p>Numele meu este Precup Alexandru Iosif. Sunt dublu licentiat, absolvent al Facultatii de Medicina Dentara si al Facultatii de Medicina Generala in cadrul Universitatii de Medicina si Farmacie \\u201cIuliu Hatieganu\\u201d Cluj-Napoca.<br \\\/>Sunt medic specialist Chirurgie Orala si Maxilo-Faciala din 2016 si imi desfasor activitatea profesionala la Spitalul Clinic Judetean de Urgenta Bihor, iar in privat la clinica proprie, unde domeniile de interes sunt chirurgia orala, implantologia dentara, parodontologia si protetica supra implantara. <br \\\/>Am si activitate didactica, in cadrul Departamentului de Medicina Dentara al Facultatii de Medicina si Farmacie, Universitatea Oradea.<\\\/p>\",\"image\":\"wp-content\\\/uploads\\\/Alexandru-Precup-01.jpg\",\"image_alt\":\"Alexandru Precup\",\"link\":\"#\",\"meta\":\"\",\"tags\":\"Membri activi\",\"title\":\"Alexandru <b>Precup<\\\/b> | Membru\"}},{\"type\":\"grid_item\",\"props\":{\"content\":\"Eu sunt CAMELIA , fiic\\u0103, sotie, mam\\u0103, prieten\\u0103 ,o fiin\\u021b\\u0103 complex\\u0103, unic\\u0103, cu un trecut, prezent si viitor, cu vise \\u0219i speran\\u021be, cu pove\\u0219ti de spus, cu aventuri tr\\u0103ite, uneori colorat\\u0103, alteori interesant\\u0103 dar mai presus de orice sunt un OM...\\n Sunt sincer\\u0103, lipsit\\u0103 de ipocrizie, plin\\u0103 de pasiune,fragil\\u0103 \\u0219i vulnerabil\\u0103, imprevizilbil\\u0103 de multe ori.<br \/>\\n Sunt un OM care i\\u0219i face timp \\u00eentotdeauna pentru o vorb\\u0103 bun\\u0103, o m\\u00e2ng\\u00e2iere, un z\\u00e2mbet, o bucurie, o \\u00eembr\\u0103\\u021bi\\u0219are, un OM cu un destin, doar at\\u00e2t.\\n\",\"image\":\"wp-content\\\/uploads\\\/Camelia.jpg\",\"image_alt\":\"Szanto | Membru\",\"link\":\"#\",\"meta\":\"\",\"tags\":\"Membri activi\",\"title\":\"Camelia <b>Szanto Torj<\\\/b> | Membru\"}},{\"type\":\"grid_item\",\"props\":{\"content\":\"\n\n<p>Absolvent\\u0103 a Facult\\u0103\\u021bii de Matematica \\u0219i Informatic\\u0103, UBB, Cluj Napoca, cu o activitate de 25 de ani \\u00een \\u00eenv\\u0103\\u021b\\u0103m\\u00e2ntul superior or\\u0103dean, conferen\\u021biar doctor, apoi asociat la firm\\u0103 de IT \\u0219i pasionat\\u0103 de scris, c\\u0103s\\u0103torit\\u0103, o fiic\\u0103. Autoare a trei c\\u0103r\\u021bi de poezie. M\\u0103 consider astfel un om \\u00eemplinit. Iubesc oamenii, natura, tot ceea ce reprezint\\u0103 frumuse\\u021be \\u0219i m\\u0103 bucur c\\u00e2nd pot face ceva ca oamenii s\\u0103 fie ferici\\u021bi.<\\\/p>\",\"image\":\"wp-content\\\/uploads\\\/Codruta-Vancea.jpg\",\"image_alt\":\"Codru\\u0163a | Membru asociat\",\"link\":\"#\",\"meta\":\"\",\"tags\":\"Membri activi\",\"title\":\"Codru\\u0163a <b>Vancea<\\\/b> | Membru\"}},{\"type\":\"grid_item\",\"props\":{\"content\":\"\n\n<p>Absolvent\\u0103 a Facult\\u0103\\u021bii de Matematica \\u0219i InfDubl\\u0103 licen\\u021biat\\u0103 a Universit\\u0103\\u021bii din Oradea, Specializarea Rela\\u021bii Interna\\u021bionale \\u0219i Studii Europene dar \\u0219i \\u0218tiin\\u021be Economice, am activat \\u00een domeniul de stat c\\u00e2t \\u0219i privat.<br \/>\\nSo\\u021bie \\u0219i mam\\u0103 devotat\\u0103 a 4 copii, creativ\\u0103 \\u0219i implicat\\u0103 \\u00een proiectele sociale diverse, bucuroas\\u0103 s\\u0103 fiu al\\u0103turi de marea familie Rotary.\\n.<\\\/p>\",\"image\":\"wp-content\\\/uploads\\\/carmen-deac.jpg\",\"image_alt\":\"Carmen Deac\",\"link\":\"#\",\"meta\":\"\",\"tags\":\"Membri activi\",\"title\":\"Carmen <b>Deac<\\\/b> | Membru\"}},{\"type\":\"grid_item\",\"props\":{\"content\":\"\n\n<p>Este de profesie economist, absolvent al facult\\u0103\\u0163ii Babes Bolay Cluj Napoca, master la Universitatea din Oradea, conduc\\u0103tor al unei firme de comer\\u0163 cu corpuri de iluminat. Entuziasmul \\u015fi bucuria o ia din familie al\\u0103turi de fiica, fiul \\u015fi so\\u0163ul ei. \\u00cen via\\u0163a de zi cu zi i\\u015fi dore\\u015fte prieteni sinceri si one\\u015fti. Proiectele sociale ar \\u00eentregi dragostea de frumos \\u015fi lumin\\u0103.<\\\/p>\",\"image\":\"wp-content\\\/uploads\\\/ioana-mut.jpg\",\"image_alt\":\"Iona Rotary Art Nouveau Oradea\",\"link\":\"https:\\\/\\\/www.facebook.com\\\/mut.ioana.5\",\"meta\":\"\",\"tags\":\"Membri activi\",\"title\":\"Ioana<b> Mu\\u0163<\\\/b> | Membru\"}},{\"type\":\"grid_item\",\"props\":{\"content\":\"\\nSunt medic primar pediatru la Spitalul Municipal \\\"Curteanu\\\".<br \/>\\n\\u00cemi iubesc meseria, familia, dar \\u0219i muzica, florile, prietenii,c\\u0103l\\u0103toriile,c\\u0103r\\u021bile.<br \/>\\nAdmir implicarea clubului RAN \\u00een rezolvarea problemelor comunit\\u0103\\u021bii or\\u0103dene, bihorene. Roata (simbolul rotarian) se \\u00eenv\\u00e2rte \\\"de la or\\u0103deni pentru or\\u0103deni\\\".\\n\\n\",\"image\":\"wp-content\\\/uploads\\\/Cornelia.jpg\",\"image_alt\":\"Cornelia | Membru asociat\",\"link\":\"#\",\"meta\":\"\",\"tags\":\"Membri onorifici\",\"title\":\"Cornelia <b>Spoial\\u0103<\\\/b> | Membru \"}}]}]}]},{\"type\":\"row\",\"children\":[{\"type\":\"column\",\"props\":{\"image_position\":\"center-center\",\"position_sticky_breakpoint\":\"m\",\"width_medium\":\"1-1\"},\"children\":[{\"type\":\"divider\",\"props\":{\"divider_element\":\"hr\"}}]}]}],\"name\":\"Team\"},{\"name\":\"Teaser\",\"type\":\"section\",\"props\":{\"animation\":\"slide-bottom\",\"animation_delay\":\"200\",\"height\":\"viewport\",\"image\":\"wp-content\\\/uploads\\\/home-hero-slideshow-01-1.jpg\",\"image_effect\":\"fixed\",\"image_position\":\"center-center\",\"image_size\":\"cover\",\"image_width\":\"1920\",\"overlap\":true,\"style\":\"secondary\",\"title_breakpoint\":\"xl\",\"title_position\":\"top-left\",\"title_rotation\":\"left\",\"vertical_align\":\"middle\",\"width\":\"large\"},\"children\":[{\"type\":\"row\",\"props\":{\"column_gap\":\"large\",\"layout\":\"2-3,1-3\",\"row_gap\":\"large\"},\"children\":[{\"type\":\"column\",\"props\":{\"image_position\":\"center-center\",\"position_sticky_breakpoint\":\"m\",\"vertical_align\":\"middle\",\"width_medium\":\"2-3\"}},{\"type\":\"column\",\"props\":{\"image_position\":\"center-center\",\"position_sticky_breakpoint\":\"m\",\"vertical_align\":\"middle\",\"width_medium\":\"1-3\"}}]}]}],\"version\":\"4.5.31\"} --><\/p>\n","protected":false},"excerpt":{"rendered":"<p>Membrii Clubului Rotary Art Nouveau \u00cemp\u0103rta\u0219im din experien\u021ba noastr\u0103 Pre\u015fedinte fondator al Clubului Rotary Art Nouveau \u2013 Oradea 2018 \u2013 2020 Daniela Iona\u015fcu | Membru fondator daniela.ionascu@rotaryartnouveau.ro De profesie inginer constructor \u0219i-a dorit mereu s\u0103 construiasc\u0103, s\u0103 redea valoarea de odinioar\u0103 a cl\u0103dirilor istorice din ora\u0219ul nostru. A reu\u0219it. Cu g\u00e2nduri bune, entuziasm, iubire \u0219i [&hellip;]<\/p>\n","protected":false},"author":5,"featured_media":0,"parent":0,"menu_order":0,"comment_status":"closed","ping_status":"closed","template":"","meta":{"footnotes":""},"class_list":["post-572","page","type-page","status-publish","hentry"],"yoast_head":"<!-- This site is optimized with the Yoast SEO plugin v27.4 - https:\/\/yoast.com\/product\/yoast-seo-wordpress\/ -->\n<title>Membrii Clubului Rotary Art Nouveau - Rotary Art Nouveau Oradea<\/title>\n<meta name=\"robots\" content=\"index, follow, max-snippet:-1, max-image-preview:large, max-video-preview:-1\" \/>\n<link rel=\"canonical\" href=\"https:\/\/rotaryartnouveau.ro\/fr\/membres-du-club-rotatif-art-nouveau\/\" \/>\n<meta property=\"og:locale\" content=\"fr_FR\" \/>\n<meta property=\"og:type\" content=\"article\" \/>\n<meta property=\"og:title\" content=\"Membrii Clubului Rotary Art Nouveau - Rotary Art Nouveau Oradea\" \/>\n<meta property=\"og:description\" content=\"Membrii Clubului Rotary Art Nouveau \u00cemp\u0103rta\u0219im din experien\u021ba noastr\u0103 Pre\u015fedinte fondator al Clubului Rotary Art Nouveau \u2013 Oradea 2018 \u2013 2020 Daniela Iona\u015fcu | Membru fondator daniela.ionascu@rotaryartnouveau.ro De profesie inginer constructor \u0219i-a dorit mereu s\u0103 construiasc\u0103, s\u0103 redea valoarea de odinioar\u0103 a cl\u0103dirilor istorice din ora\u0219ul nostru. A reu\u0219it. Cu g\u00e2nduri bune, entuziasm, iubire \u0219i [&hellip;]\" \/>\n<meta property=\"og:url\" content=\"https:\/\/rotaryartnouveau.ro\/fr\/membres-du-club-rotatif-art-nouveau\/\" \/>\n<meta property=\"og:site_name\" content=\"Rotary Art Nouveau Oradea\" \/>\n<meta property=\"article:modified_time\" content=\"2025-10-21T09:15:27+00:00\" \/>\n<meta name=\"twitter:card\" content=\"summary_large_image\" \/>\n<meta name=\"twitter:label1\" content=\"Dur\u00e9e de lecture estim\u00e9e\" \/>\n\t<meta name=\"twitter:data1\" content=\"17 minutes\" \/>\n<script type=\"application\/ld+json\" class=\"yoast-schema-graph\">{\"@context\":\"https:\\\/\\\/schema.org\",\"@graph\":[{\"@type\":\"WebPage\",\"@id\":\"https:\\\/\\\/rotaryartnouveau.ro\\\/membrii-clubului-rotary-art-nouveau\\\/\",\"url\":\"https:\\\/\\\/rotaryartnouveau.ro\\\/membrii-clubului-rotary-art-nouveau\\\/\",\"name\":\"Membrii Clubului Rotary Art Nouveau - Rotary Art Nouveau Oradea\",\"isPartOf\":{\"@id\":\"https:\\\/\\\/rotaryartnouveau.ro\\\/#website\"},\"datePublished\":\"2019-11-04T10:15:04+00:00\",\"dateModified\":\"2025-10-21T09:15:27+00:00\",\"breadcrumb\":{\"@id\":\"https:\\\/\\\/rotaryartnouveau.ro\\\/membrii-clubului-rotary-art-nouveau\\\/#breadcrumb\"},\"inLanguage\":\"fr-FR\",\"potentialAction\":[{\"@type\":\"ReadAction\",\"target\":[\"https:\\\/\\\/rotaryartnouveau.ro\\\/membrii-clubului-rotary-art-nouveau\\\/\"]}]},{\"@type\":\"BreadcrumbList\",\"@id\":\"https:\\\/\\\/rotaryartnouveau.ro\\\/membrii-clubului-rotary-art-nouveau\\\/#breadcrumb\",\"itemListElement\":[{\"@type\":\"ListItem\",\"position\":1,\"name\":\"Home\",\"item\":\"https:\\\/\\\/rotaryartnouveau.ro\\\/\"},{\"@type\":\"ListItem\",\"position\":2,\"name\":\"Membrii Clubului Rotary Art Nouveau\"}]},{\"@type\":\"WebSite\",\"@id\":\"https:\\\/\\\/rotaryartnouveau.ro\\\/#website\",\"url\":\"https:\\\/\\\/rotaryartnouveau.ro\\\/\",\"name\":\"Rotary Art Nouveau Oradea\",\"description\":\"Rotary Club Oradea Art Nouveau\",\"publisher\":{\"@id\":\"https:\\\/\\\/rotaryartnouveau.ro\\\/#organization\"},\"potentialAction\":[{\"@type\":\"SearchAction\",\"target\":{\"@type\":\"EntryPoint\",\"urlTemplate\":\"https:\\\/\\\/rotaryartnouveau.ro\\\/?s={search_term_string}\"},\"query-input\":{\"@type\":\"PropertyValueSpecification\",\"valueRequired\":true,\"valueName\":\"search_term_string\"}}],\"inLanguage\":\"fr-FR\"},{\"@type\":\"Organization\",\"@id\":\"https:\\\/\\\/rotaryartnouveau.ro\\\/#organization\",\"name\":\"Rotary Club Oradea Art Nouveau\",\"url\":\"https:\\\/\\\/rotaryartnouveau.ro\\\/\",\"logo\":{\"@type\":\"ImageObject\",\"inLanguage\":\"fr-FR\",\"@id\":\"https:\\\/\\\/rotaryartnouveau.ro\\\/#\\\/schema\\\/logo\\\/image\\\/\",\"url\":\"https:\\\/\\\/rotaryartnouveau.ro\\\/wp-content\\\/uploads\\\/roatry-art-nouveau-logo.svg\",\"contentUrl\":\"https:\\\/\\\/rotaryartnouveau.ro\\\/wp-content\\\/uploads\\\/roatry-art-nouveau-logo.svg\",\"width\":320,\"height\":122,\"caption\":\"Rotary Club Oradea Art Nouveau\"},\"image\":{\"@id\":\"https:\\\/\\\/rotaryartnouveau.ro\\\/#\\\/schema\\\/logo\\\/image\\\/\"}}]}<\/script>\n<!-- \/ Yoast SEO plugin. -->","yoast_head_json":{"title":"Membres du Club Rotary Art Nouveau - Rotary Art Nouveau Oradea","robots":{"index":"index","follow":"follow","max-snippet":"max-snippet:-1","max-image-preview":"max-image-preview:large","max-video-preview":"max-video-preview:-1"},"canonical":"https:\/\/rotaryartnouveau.ro\/fr\/membres-du-club-rotatif-art-nouveau\/","og_locale":"fr_FR","og_type":"article","og_title":"Membrii Clubului Rotary Art Nouveau - Rotary Art Nouveau Oradea","og_description":"Membrii Clubului Rotary Art Nouveau \u00cemp\u0103rta\u0219im din experien\u021ba noastr\u0103 Pre\u015fedinte fondator al Clubului Rotary Art Nouveau \u2013 Oradea 2018 \u2013 2020 Daniela Iona\u015fcu | Membru fondator daniela.ionascu@rotaryartnouveau.ro De profesie inginer constructor \u0219i-a dorit mereu s\u0103 construiasc\u0103, s\u0103 redea valoarea de odinioar\u0103 a cl\u0103dirilor istorice din ora\u0219ul nostru. A reu\u0219it. Cu g\u00e2nduri bune, entuziasm, iubire \u0219i [&hellip;]","og_url":"https:\/\/rotaryartnouveau.ro\/fr\/membres-du-club-rotatif-art-nouveau\/","og_site_name":"Rotary Art Nouveau Oradea","article_modified_time":"2025-10-21T09:15:27+00:00","twitter_card":"summary_large_image","twitter_misc":{"Dur\u00e9e de lecture estim\u00e9e":"17 minutes"},"schema":{"@context":"https:\/\/schema.org","@graph":[{"@type":"WebPage","@id":"https:\/\/rotaryartnouveau.ro\/membrii-clubului-rotary-art-nouveau\/","url":"https:\/\/rotaryartnouveau.ro\/membrii-clubului-rotary-art-nouveau\/","name":"Membres du Club Rotary Art Nouveau - Rotary Art Nouveau Oradea","isPartOf":{"@id":"https:\/\/rotaryartnouveau.ro\/#website"},"datePublished":"2019-11-04T10:15:04+00:00","dateModified":"2025-10-21T09:15:27+00:00","breadcrumb":{"@id":"https:\/\/rotaryartnouveau.ro\/membrii-clubului-rotary-art-nouveau\/#breadcrumb"},"inLanguage":"fr-FR","potentialAction":[{"@type":"ReadAction","target":["https:\/\/rotaryartnouveau.ro\/membrii-clubului-rotary-art-nouveau\/"]}]},{"@type":"BreadcrumbList","@id":"https:\/\/rotaryartnouveau.ro\/membrii-clubului-rotary-art-nouveau\/#breadcrumb","itemListElement":[{"@type":"ListItem","position":1,"name":"Home","item":"https:\/\/rotaryartnouveau.ro\/"},{"@type":"ListItem","position":2,"name":"Membrii Clubului Rotary Art Nouveau"}]},{"@type":"WebSite","@id":"https:\/\/rotaryartnouveau.ro\/#website","url":"https:\/\/rotaryartnouveau.ro\/","name":"Rotatif Art Nouveau Oradea","description":"Rotary Club Art Nouveau d&#039;Oradea","publisher":{"@id":"https:\/\/rotaryartnouveau.ro\/#organization"},"potentialAction":[{"@type":"SearchAction","target":{"@type":"EntryPoint","urlTemplate":"https:\/\/rotaryartnouveau.ro\/?s={search_term_string}"},"query-input":{"@type":"PropertyValueSpecification","valueRequired":true,"valueName":"search_term_string"}}],"inLanguage":"fr-FR"},{"@type":"Organization","@id":"https:\/\/rotaryartnouveau.ro\/#organization","name":"Rotary Club Art Nouveau d&#039;Oradea","url":"https:\/\/rotaryartnouveau.ro\/","logo":{"@type":"ImageObject","inLanguage":"fr-FR","@id":"https:\/\/rotaryartnouveau.ro\/#\/schema\/logo\/image\/","url":"https:\/\/rotaryartnouveau.ro\/wp-content\/uploads\/roatry-art-nouveau-logo.svg","contentUrl":"https:\/\/rotaryartnouveau.ro\/wp-content\/uploads\/roatry-art-nouveau-logo.svg","width":320,"height":122,"caption":"Rotary Club Oradea Art Nouveau"},"image":{"@id":"https:\/\/rotaryartnouveau.ro\/#\/schema\/logo\/image\/"}}]}},"_links":{"self":[{"href":"https:\/\/rotaryartnouveau.ro\/fr\/wp-json\/wp\/v2\/pages\/572","targetHints":{"allow":["GET"]}}],"collection":[{"href":"https:\/\/rotaryartnouveau.ro\/fr\/wp-json\/wp\/v2\/pages"}],"about":[{"href":"https:\/\/rotaryartnouveau.ro\/fr\/wp-json\/wp\/v2\/types\/page"}],"author":[{"embeddable":true,"href":"https:\/\/rotaryartnouveau.ro\/fr\/wp-json\/wp\/v2\/users\/5"}],"replies":[{"embeddable":true,"href":"https:\/\/rotaryartnouveau.ro\/fr\/wp-json\/wp\/v2\/comments?post=572"}],"version-history":[{"count":3,"href":"https:\/\/rotaryartnouveau.ro\/fr\/wp-json\/wp\/v2\/pages\/572\/revisions"}],"predecessor-version":[{"id":2390,"href":"https:\/\/rotaryartnouveau.ro\/fr\/wp-json\/wp\/v2\/pages\/572\/revisions\/2390"}],"wp:attachment":[{"href":"https:\/\/rotaryartnouveau.ro\/fr\/wp-json\/wp\/v2\/media?parent=572"}],"curies":[{"name":"wp","href":"https:\/\/api.w.org\/{rel}","templated":true}]}}